{"id":1319,"date":"2023-08-22T10:06:14","date_gmt":"2023-08-22T10:06:14","guid":{"rendered":"https:\/\/www.kammerata.lu\/calendrier\/dsila-zauriloku-rett-den-zauberbesch\/"},"modified":"2024-03-19T07:24:18","modified_gmt":"2024-03-19T07:24:18","slug":"dsila-zauriloku-rett-den-zauberbesch","status":"publish","type":"calendriers","link":"https:\/\/www.kammerata.lu\/en\/calendrier\/dsila-zauriloku-rett-den-zauberbesch\/","title":{"rendered":"D&#8217;Sila Zauriloku rett den Zauberb\u00ebsch"},"content":{"rendered":"<p><img decoding=\"async\" class=\"alignnone wp-image-1317 size-large\" src=\"https:\/\/www.kammerata.lu\/wp-content\/uploads\/2023\/08\/KL22_MDVia_Sila-Zauriloku-05-1024x683.jpg\" alt=\"\" width=\"980\" height=\"654\" srcset=\"https:\/\/www.kammerata.lu\/wp-content\/uploads\/2023\/08\/KL22_MDVia_Sila-Zauriloku-05-1024x683.jpg 1024w, https:\/\/www.kammerata.lu\/wp-content\/uploads\/2023\/08\/KL22_MDVia_Sila-Zauriloku-05-300x200.jpg 300w, https:\/\/www.kammerata.lu\/wp-content\/uploads\/2023\/08\/KL22_MDVia_Sila-Zauriloku-05-768x512.jpg 768w, https:\/\/www.kammerata.lu\/wp-content\/uploads\/2023\/08\/KL22_MDVia_Sila-Zauriloku-05-1536x1024.jpg 1536w, https:\/\/www.kammerata.lu\/wp-content\/uploads\/2023\/08\/KL22_MDVia_Sila-Zauriloku-05-2048x1365.jpg 2048w\" sizes=\"(max-width: 980px) 100vw, 980px\" \/><br \/>\n<span style=\"font-size: 14px;\">\u00a9 Marc Jacoby<\/span><\/p>\n<p>Musikalescht M\u00e4rche fir Kanner | op LU | 5-9 Joer | Cycles 1+2+3<\/p>\n<p>ca. 40 Minutten<br \/>\nOuni Paus<\/p>\n<p>D\u00e9if am m\u00e4rchenhafte Rinkelrankelland, t\u00ebschent dem gielen Hunnegmier an dem groen Niwwelsumpf, ass de groussen Zauberb\u00ebsch. Hei wunnen onmoosseg vill Zauberwiesen.<br \/>\nAn der M\u00ebtt vun d\u00ebsem M\u00e4rcheb\u00ebsch steet ee groussen, faarwege Bam. D\u2019Zauberwiesen am B\u00ebsch w\u00ebssen, dat all Blat eng eegen Zauberkraaft huet. Mee just de Bam weess, w\u00e9i eng Magie genee a senge Blieder st\u00e9cht.<br \/>\nDe Bam huet ee schl\u00ebmmen Dram, deen \u00ebmmer r\u00ebmk\u00ebnnt an him ze verstoe g\u00ebtt, dat de ganze B\u00ebsch a seng Awunner a Gefor sinn. Mee wat soll hie n\u00ebmme maachen? Mat sengen d\u00e9iwe Wuerzele k\u00ebnnt hie net vun der Plaz a kann de B\u00ebsch net sch\u00fctzen. Dem Bam seng beschte Fr\u00ebndin, d\u2018Sila, eng Zauriloku,m\u00e9cht sech op de Wee fir ze h\u00ebllefen. Hat w\u00ebllerauszefannen, w\u00e9i een de B\u00ebsch rette kann. De Bam g\u00ebtt him zum Gl\u00e9ck och dr\u00e4i Zauberblieder mat. Ob d\u2018Sila d\u2018Zauberwelt mat Z\u00e4ite rette kann?<\/p>\n<p><strong>HARALD GENZMER<\/strong> Trio f\u00fcr Fl\u00f6te, Viola und Harfe<br \/>\n<strong>CLAUDE DEBUSSY<\/strong> Sonate f\u00fcr Fl\u00f6te, Viola und Harfe op. 534<br \/>\n<strong>LADISLAS ROHOZINSKI<\/strong> Suite br\u00eave<br \/>\n<strong>SOFIA GUBAIDULINA<\/strong> Garten von Freuden und Traurigkeiten<br \/>\n<strong>TH\u00c9ODORE DUBOIS<\/strong> Terzettino f\u00fcr Fl\u00f6te, Viola und Harfe<\/p>\n<p><strong>KATHARINA MERZ<\/strong> Konzept<br \/>\n<strong>JENNY SPIELMANN<\/strong> Konzept &amp; Erzielerin<br \/>\n<strong>CATHERINE HENGESCH<\/strong> Schauspill<br \/>\n<strong>ANIELA STOFFELS<\/strong> Querfl\u00fctt<br \/>\n<strong>SOPHIE URHAUSEN<\/strong> Braatsch<br \/>\n<strong>CHANEL PERDICHIZZI<\/strong> Harf<\/p>\n<p>JEUDI<br \/>\n28|03|2024<br \/>\n14h30 Prabbeli Wiltz<br \/>\nTickets: <a href=\"https:\/\/prabbeli.lu\/de\/programme-culturel\/2817\/dsila-zauriloku-rett-den-zauberbesch\" target=\"_blank\" rel=\"noopener\">www.prabbeli.lu<\/a><\/p>\n","protected":false},"menu_order":40,"template":"","acf":[],"yoast_head":"<!-- This site is optimized with the Yoast SEO plugin v21.3 - https:\/\/yoast.com\/wordpress\/plugins\/seo\/ -->\n<title>D&#039;Sila Zauriloku rett den Zauberb\u00ebsch - Kammerata<\/title>\n<link rel=\"canonical\" href=\"https:\/\/www.kammerata.lu\/en\/calendrier\/dsila-zauriloku-rett-den-zauberbesch\/\" \/>\n<meta property=\"og:locale\" content=\"en_US\" \/>\n<meta property=\"og:type\" content=\"article\" \/>\n<meta property=\"og:title\" content=\"D&#039;Sila Zauriloku rett den Zauberb\u00ebsch - Kammerata\" \/>\n<meta property=\"og:description\" content=\"\u00a9 Marc Jacoby Musikalescht M\u00e4rche fir Kanner | op LU | 5-9 Joer | Cycles 1+2+3 ca. 40 Minutten Ouni Paus D\u00e9if am m\u00e4rchenhafte Rinkelrankelland, t\u00ebschent dem gielen Hunnegmier an dem groen Niwwelsumpf, ass de groussen Zauberb\u00ebsch. Hei wunnen onmoosseg vill Zauberwiesen. An der M\u00ebtt vun d\u00ebsem M\u00e4rcheb\u00ebsch steet ee groussen, faarwege Bam. D\u2019Zauberwiesen am [&hellip;]\" \/>\n<meta property=\"og:url\" content=\"https:\/\/www.kammerata.lu\/en\/calendrier\/dsila-zauriloku-rett-den-zauberbesch\/\" \/>\n<meta property=\"og:site_name\" content=\"Kammerata\" \/>\n<meta property=\"article:modified_time\" content=\"2024-03-19T07:24:18+00:00\" \/>\n<meta property=\"og:image\" content=\"https:\/\/www.kammerata.lu\/wp-content\/uploads\/2023\/08\/KL22_MDVia_Sila-Zauriloku-05-1024x683.jpg\" \/>\n<meta name=\"twitter:card\" content=\"summary_large_image\" \/>\n<meta name=\"twitter:label1\" content=\"Est. reading time\" \/>\n\t<meta name=\"twitter:data1\" content=\"2 minutes\" \/>\n<script type=\"application\/ld+json\" class=\"yoast-schema-graph\">{\"@context\":\"https:\/\/schema.org\",\"@graph\":[{\"@type\":\"WebPage\",\"@id\":\"https:\/\/www.kammerata.lu\/en\/calendrier\/dsila-zauriloku-rett-den-zauberbesch\/\",\"url\":\"https:\/\/www.kammerata.lu\/en\/calendrier\/dsila-zauriloku-rett-den-zauberbesch\/\",\"name\":\"D'Sila Zauriloku rett den Zauberb\u00ebsch - Kammerata\",\"isPartOf\":{\"@id\":\"https:\/\/www.kammerata.lu\/en\/#website\"},\"datePublished\":\"2023-08-22T10:06:14+00:00\",\"dateModified\":\"2024-03-19T07:24:18+00:00\",\"breadcrumb\":{\"@id\":\"https:\/\/www.kammerata.lu\/en\/calendrier\/dsila-zauriloku-rett-den-zauberbesch\/#breadcrumb\"},\"inLanguage\":\"en-US\",\"potentialAction\":[{\"@type\":\"ReadAction\",\"target\":[\"https:\/\/www.kammerata.lu\/en\/calendrier\/dsila-zauriloku-rett-den-zauberbesch\/\"]}]},{\"@type\":\"BreadcrumbList\",\"@id\":\"https:\/\/www.kammerata.lu\/en\/calendrier\/dsila-zauriloku-rett-den-zauberbesch\/#breadcrumb\",\"itemListElement\":[{\"@type\":\"ListItem\",\"position\":1,\"name\":\"Accueil\",\"item\":\"https:\/\/www.kammerata.lu\/en\/\"},{\"@type\":\"ListItem\",\"position\":2,\"name\":\"D&rsquo;Sila Zauriloku rett den Zauberb\u00ebsch\"}]},{\"@type\":\"WebSite\",\"@id\":\"https:\/\/www.kammerata.lu\/en\/#website\",\"url\":\"https:\/\/www.kammerata.lu\/en\/\",\"name\":\"Kammerata\",\"description\":\"\",\"potentialAction\":[{\"@type\":\"SearchAction\",\"target\":{\"@type\":\"EntryPoint\",\"urlTemplate\":\"https:\/\/www.kammerata.lu\/en\/?s={search_term_string}\"},\"query-input\":\"required name=search_term_string\"}],\"inLanguage\":\"en-US\"}]}<\/script>\n<!-- \/ Yoast SEO plugin. -->","yoast_head_json":{"title":"D'Sila Zauriloku rett den Zauberb\u00ebsch - Kammerata","canonical":"https:\/\/www.kammerata.lu\/en\/calendrier\/dsila-zauriloku-rett-den-zauberbesch\/","og_locale":"en_US","og_type":"article","og_title":"D'Sila Zauriloku rett den Zauberb\u00ebsch - Kammerata","og_description":"\u00a9 Marc Jacoby Musikalescht M\u00e4rche fir Kanner | op LU | 5-9 Joer | Cycles 1+2+3 ca. 40 Minutten Ouni Paus D\u00e9if am m\u00e4rchenhafte Rinkelrankelland, t\u00ebschent dem gielen Hunnegmier an dem groen Niwwelsumpf, ass de groussen Zauberb\u00ebsch. Hei wunnen onmoosseg vill Zauberwiesen. An der M\u00ebtt vun d\u00ebsem M\u00e4rcheb\u00ebsch steet ee groussen, faarwege Bam. D\u2019Zauberwiesen am [&hellip;]","og_url":"https:\/\/www.kammerata.lu\/en\/calendrier\/dsila-zauriloku-rett-den-zauberbesch\/","og_site_name":"Kammerata","article_modified_time":"2024-03-19T07:24:18+00:00","og_image":[{"url":"https:\/\/www.kammerata.lu\/wp-content\/uploads\/2023\/08\/KL22_MDVia_Sila-Zauriloku-05-1024x683.jpg"}],"twitter_card":"summary_large_image","twitter_misc":{"Est. reading time":"2 minutes"},"schema":{"@context":"https:\/\/schema.org","@graph":[{"@type":"WebPage","@id":"https:\/\/www.kammerata.lu\/en\/calendrier\/dsila-zauriloku-rett-den-zauberbesch\/","url":"https:\/\/www.kammerata.lu\/en\/calendrier\/dsila-zauriloku-rett-den-zauberbesch\/","name":"D'Sila Zauriloku rett den Zauberb\u00ebsch - Kammerata","isPartOf":{"@id":"https:\/\/www.kammerata.lu\/en\/#website"},"datePublished":"2023-08-22T10:06:14+00:00","dateModified":"2024-03-19T07:24:18+00:00","breadcrumb":{"@id":"https:\/\/www.kammerata.lu\/en\/calendrier\/dsila-zauriloku-rett-den-zauberbesch\/#breadcrumb"},"inLanguage":"en-US","potentialAction":[{"@type":"ReadAction","target":["https:\/\/www.kammerata.lu\/en\/calendrier\/dsila-zauriloku-rett-den-zauberbesch\/"]}]},{"@type":"BreadcrumbList","@id":"https:\/\/www.kammerata.lu\/en\/calendrier\/dsila-zauriloku-rett-den-zauberbesch\/#breadcrumb","itemListElement":[{"@type":"ListItem","position":1,"name":"Accueil","item":"https:\/\/www.kammerata.lu\/en\/"},{"@type":"ListItem","position":2,"name":"D&rsquo;Sila Zauriloku rett den Zauberb\u00ebsch"}]},{"@type":"WebSite","@id":"https:\/\/www.kammerata.lu\/en\/#website","url":"https:\/\/www.kammerata.lu\/en\/","name":"Kammerata","description":"","potentialAction":[{"@type":"SearchAction","target":{"@type":"EntryPoint","urlTemplate":"https:\/\/www.kammerata.lu\/en\/?s={search_term_string}"},"query-input":"required name=search_term_string"}],"inLanguage":"en-US"}]}},"_links":{"self":[{"href":"https:\/\/www.kammerata.lu\/en\/wp-json\/wp\/v2\/calendriers\/1319"}],"collection":[{"href":"https:\/\/www.kammerata.lu\/en\/wp-json\/wp\/v2\/calendriers"}],"about":[{"href":"https:\/\/www.kammerata.lu\/en\/wp-json\/wp\/v2\/types\/calendriers"}],"wp:attachment":[{"href":"https:\/\/www.kammerata.lu\/en\/wp-json\/wp\/v2\/media?parent=1319"}],"curies":[{"name":"wp","href":"https:\/\/api.w.org\/{rel}","templated":true}]}}