{"id":1653,"date":"2024-08-23T10:03:11","date_gmt":"2024-08-23T10:03:11","guid":{"rendered":"https:\/\/www.kammerata.lu\/calendrier\/masquerade-spectacle-pour-enfants-et-familles\/"},"modified":"2024-08-23T10:33:41","modified_gmt":"2024-08-23T10:33:41","slug":"masquerade-spectacle-pour-enfants-et-familles","status":"publish","type":"calendriers","link":"https:\/\/www.kammerata.lu\/en\/calendrier\/masquerade-spectacle-pour-enfants-et-familles\/","title":{"rendered":"Masquerade \u2013 Spectacle pour enfants et familles"},"content":{"rendered":"<p><img decoding=\"async\" class=\"alignnone wp-image-1636 size-large\" src=\"https:\/\/www.kammerata.lu\/wp-content\/uploads\/2024\/08\/5-Masquerade-1024x585.jpg\" alt=\"\" width=\"980\" height=\"560\" srcset=\"https:\/\/www.kammerata.lu\/wp-content\/uploads\/2024\/08\/5-Masquerade-1024x585.jpg 1024w, https:\/\/www.kammerata.lu\/wp-content\/uploads\/2024\/08\/5-Masquerade-300x171.jpg 300w, https:\/\/www.kammerata.lu\/wp-content\/uploads\/2024\/08\/5-Masquerade-768x439.jpg 768w, https:\/\/www.kammerata.lu\/wp-content\/uploads\/2024\/08\/5-Masquerade-1536x878.jpg 1536w, https:\/\/www.kammerata.lu\/wp-content\/uploads\/2024\/08\/5-Masquerade.jpg 1792w\" sizes=\"(max-width: 980px) 100vw, 980px\" \/><\/p>\n<p><strong><span class=\"TextRun SCXW56107717 BCX8\" lang=\"DE-DE\" xml:lang=\"DE-DE\" data-contrast=\"auto\"><span class=\"NormalTextRun SpellingErrorV2Themed SCXW56107717 BCX8\">Ee<\/span> <span class=\"NormalTextRun SpellingErrorV2Themed SCXW56107717 BCX8\">Museksrallye<\/span><span class=\"NormalTextRun SCXW56107717 BCX8\"> a Concert <\/span><span class=\"NormalTextRun SpellingErrorV2Themed SCXW56107717 BCX8\">fir<\/span><span class=\"NormalTextRun SCXW56107717 BCX8\"> Kanner am Alter <\/span><span class=\"NormalTextRun SpellingErrorV2Themed SCXW56107717 BCX8\">vun<\/span><span class=\"NormalTextRun SCXW56107717 BCX8\"> 8-11 <\/span><span class=\"NormalTextRun SpellingErrorV2Themed SCXW56107717 BCX8\">Joer. Sonndes, den 3. November um 9:30 an um 11:15 Auer.<\/span><\/span><\/strong><\/p>\n<p><span data-contrast=\"auto\">Am Schlass g\u00ebt en Halloweenfest gefeiert. Invit\u00e9iert sin Grofen a Prinzessinnen, Dokteschen a Richter. Awer och den Dracula huet sech \u00ebnner d\u2019G\u00e4scht gem\u00ebscht\u2026 Well jiddereen e Mask dr\u00e9it, weess een awer net, wee wen ass!\u00a0<\/span><span data-ccp-props=\"{&quot;201341983&quot;:0,&quot;335559739&quot;:160,&quot;335559740&quot;:259}\">\u00a0<\/span><\/p>\n<p><span data-contrast=\"auto\">D\u2019Kanner h\u00ebllefen den Dracula ze fannen\u2026 Wa se sech dann trauen, an deem gruseleschen, grousse Schlass\u2026<\/span><span data-ccp-props=\"{&quot;201341983&quot;:0,&quot;335559739&quot;:160,&quot;335559740&quot;:259}\">\u00a0<\/span><\/p>\n<p>&nbsp;<\/p>\n<p>Music | Johann Strauss | excerpts from the operetta \u2018Die Fledermaus\u2019 | &amp; others<\/p>\n<p>Jenny Spielmann, concept &amp; direction<br \/>\nMartine Roster, flute<br \/>\nNathalie Ludwig, clarinet<br \/>\nIsabel Van Grysperre, violin<br \/>\nNora Braun, cello<br \/>\nDaniel Gruselle, accordion<br \/>\nSounddelight, Light and sound<\/p>\n<p>&nbsp;<\/p>\n<p><strong>Tickets<\/strong><br \/>\nExclusively on <a href=\"http:\/\/www.musicdays.lu\" target=\"_blank\" rel=\"noopener\">www.musicdays.lu<\/a><\/p>\n<p>Halloween &#8211; an evening with Dracula: \u20ac30 &lt; age 30: \u20ac20<br \/>\nMagnificat anima mea \/ The Aquatic Museum \/ Tribute to Faur\u00e9: \u20ac25 | under 30s: \u20ac15<br \/>\nMasquerade: \u20ac12 &lt; 12 years: \u20ac5<br \/>\nDaniel Migliosi Quintet : Free admission<\/p>\n<p>2-concert pass: \u20ac42 | &lt; 30 years old: \u20ac22<\/p>\n<p>All-in pass (all concerts): \u20ac75 | &lt; 30 years: \u20ac40 (includes 1 free guest for one concert)<\/p>\n<p><strong>Information<\/strong><br \/>\n<a href=\"http:\/\/www.musicdays.lu\" target=\"_blank\" rel=\"noopener\">www.musicdays.lu<\/a><br \/>\n<a href=\"mailto:info@castle-vianden.lu\">info@castle-vianden.lu<\/a><br \/>\nTel: 83 41 08 1<\/p>\n<p>&nbsp;<\/p>\n<p>In co-production with<\/p>\n<p><img decoding=\"async\" class=\"alignnone size-medium wp-image-1659\" src=\"https:\/\/www.kammerata.lu\/wp-content\/uploads\/2024\/08\/Logos-Vianden-Commune-Castle_MusicDays-300x80.png\" alt=\"\" width=\"300\" height=\"80\" srcset=\"https:\/\/www.kammerata.lu\/wp-content\/uploads\/2024\/08\/Logos-Vianden-Commune-Castle_MusicDays-300x80.png 300w, https:\/\/www.kammerata.lu\/wp-content\/uploads\/2024\/08\/Logos-Vianden-Commune-Castle_MusicDays-1024x273.png 1024w, https:\/\/www.kammerata.lu\/wp-content\/uploads\/2024\/08\/Logos-Vianden-Commune-Castle_MusicDays-768x205.png 768w, https:\/\/www.kammerata.lu\/wp-content\/uploads\/2024\/08\/Logos-Vianden-Commune-Castle_MusicDays-1536x409.png 1536w, https:\/\/www.kammerata.lu\/wp-content\/uploads\/2024\/08\/Logos-Vianden-Commune-Castle_MusicDays.png 1772w\" sizes=\"(max-width: 300px) 100vw, 300px\" \/><\/p>\n<p>With the support of<\/p>\n<p><img decoding=\"async\" class=\"alignnone wp-image-1661\" src=\"https:\/\/www.kammerata.lu\/wp-content\/uploads\/2024\/08\/Logos-Sponsors_MusicDays-300x43.png\" alt=\"\" width=\"699\" height=\"100\" srcset=\"https:\/\/www.kammerata.lu\/wp-content\/uploads\/2024\/08\/Logos-Sponsors_MusicDays-300x43.png 300w, https:\/\/www.kammerata.lu\/wp-content\/uploads\/2024\/08\/Logos-Sponsors_MusicDays-1024x146.png 1024w, https:\/\/www.kammerata.lu\/wp-content\/uploads\/2024\/08\/Logos-Sponsors_MusicDays-768x110.png 768w, https:\/\/www.kammerata.lu\/wp-content\/uploads\/2024\/08\/Logos-Sponsors_MusicDays-1536x220.png 1536w, https:\/\/www.kammerata.lu\/wp-content\/uploads\/2024\/08\/Logos-Sponsors_MusicDays.png 2000w\" sizes=\"(max-width: 699px) 100vw, 699px\" \/><\/p>\n","protected":false},"menu_order":17,"template":"","acf":[],"yoast_head":"<!-- This site is optimized with the Yoast SEO plugin v21.3 - https:\/\/yoast.com\/wordpress\/plugins\/seo\/ -->\n<title>Masquerade \u2013 Spectacle pour enfants et familles - Kammerata<\/title>\n<link rel=\"canonical\" href=\"https:\/\/www.kammerata.lu\/en\/calendrier\/masquerade-spectacle-pour-enfants-et-familles\/\" \/>\n<meta property=\"og:locale\" content=\"en_US\" \/>\n<meta property=\"og:type\" content=\"article\" \/>\n<meta property=\"og:title\" content=\"Masquerade \u2013 Spectacle pour enfants et familles - Kammerata\" \/>\n<meta property=\"og:description\" content=\"Ee Museksrallye a Concert fir Kanner am Alter vun 8-11 Joer. Sonndes, den 3. November um 9:30 an um 11:15 Auer. Am Schlass g\u00ebt en Halloweenfest gefeiert. Invit\u00e9iert sin Grofen a Prinzessinnen, Dokteschen a Richter. Awer och den Dracula huet sech \u00ebnner d\u2019G\u00e4scht gem\u00ebscht\u2026 Well jiddereen e Mask dr\u00e9it, weess een awer net, wee wen [&hellip;]\" \/>\n<meta property=\"og:url\" content=\"https:\/\/www.kammerata.lu\/en\/calendrier\/masquerade-spectacle-pour-enfants-et-familles\/\" \/>\n<meta property=\"og:site_name\" content=\"Kammerata\" \/>\n<meta property=\"article:modified_time\" content=\"2024-08-23T10:33:41+00:00\" \/>\n<meta property=\"og:image\" content=\"https:\/\/www.kammerata.lu\/wp-content\/uploads\/2024\/08\/5-Masquerade-1024x585.jpg\" \/>\n<meta name=\"twitter:card\" content=\"summary_large_image\" \/>\n<meta name=\"twitter:label1\" content=\"Est. reading time\" \/>\n\t<meta name=\"twitter:data1\" content=\"2 minutes\" \/>\n<script type=\"application\/ld+json\" class=\"yoast-schema-graph\">{\"@context\":\"https:\/\/schema.org\",\"@graph\":[{\"@type\":\"WebPage\",\"@id\":\"https:\/\/www.kammerata.lu\/en\/calendrier\/masquerade-spectacle-pour-enfants-et-familles\/\",\"url\":\"https:\/\/www.kammerata.lu\/en\/calendrier\/masquerade-spectacle-pour-enfants-et-familles\/\",\"name\":\"Masquerade \u2013 Spectacle pour enfants et familles - Kammerata\",\"isPartOf\":{\"@id\":\"https:\/\/www.kammerata.lu\/en\/#website\"},\"datePublished\":\"2024-08-23T10:03:11+00:00\",\"dateModified\":\"2024-08-23T10:33:41+00:00\",\"breadcrumb\":{\"@id\":\"https:\/\/www.kammerata.lu\/en\/calendrier\/masquerade-spectacle-pour-enfants-et-familles\/#breadcrumb\"},\"inLanguage\":\"en-US\",\"potentialAction\":[{\"@type\":\"ReadAction\",\"target\":[\"https:\/\/www.kammerata.lu\/en\/calendrier\/masquerade-spectacle-pour-enfants-et-familles\/\"]}]},{\"@type\":\"BreadcrumbList\",\"@id\":\"https:\/\/www.kammerata.lu\/en\/calendrier\/masquerade-spectacle-pour-enfants-et-familles\/#breadcrumb\",\"itemListElement\":[{\"@type\":\"ListItem\",\"position\":1,\"name\":\"Accueil\",\"item\":\"https:\/\/www.kammerata.lu\/en\/\"},{\"@type\":\"ListItem\",\"position\":2,\"name\":\"Masquerade \u2013 Spectacle pour enfants et familles\"}]},{\"@type\":\"WebSite\",\"@id\":\"https:\/\/www.kammerata.lu\/en\/#website\",\"url\":\"https:\/\/www.kammerata.lu\/en\/\",\"name\":\"Kammerata\",\"description\":\"\",\"potentialAction\":[{\"@type\":\"SearchAction\",\"target\":{\"@type\":\"EntryPoint\",\"urlTemplate\":\"https:\/\/www.kammerata.lu\/en\/?s={search_term_string}\"},\"query-input\":\"required name=search_term_string\"}],\"inLanguage\":\"en-US\"}]}<\/script>\n<!-- \/ Yoast SEO plugin. -->","yoast_head_json":{"title":"Masquerade \u2013 Spectacle pour enfants et familles - Kammerata","canonical":"https:\/\/www.kammerata.lu\/en\/calendrier\/masquerade-spectacle-pour-enfants-et-familles\/","og_locale":"en_US","og_type":"article","og_title":"Masquerade \u2013 Spectacle pour enfants et familles - Kammerata","og_description":"Ee Museksrallye a Concert fir Kanner am Alter vun 8-11 Joer. Sonndes, den 3. November um 9:30 an um 11:15 Auer. Am Schlass g\u00ebt en Halloweenfest gefeiert. Invit\u00e9iert sin Grofen a Prinzessinnen, Dokteschen a Richter. Awer och den Dracula huet sech \u00ebnner d\u2019G\u00e4scht gem\u00ebscht\u2026 Well jiddereen e Mask dr\u00e9it, weess een awer net, wee wen [&hellip;]","og_url":"https:\/\/www.kammerata.lu\/en\/calendrier\/masquerade-spectacle-pour-enfants-et-familles\/","og_site_name":"Kammerata","article_modified_time":"2024-08-23T10:33:41+00:00","og_image":[{"url":"https:\/\/www.kammerata.lu\/wp-content\/uploads\/2024\/08\/5-Masquerade-1024x585.jpg"}],"twitter_card":"summary_large_image","twitter_misc":{"Est. reading time":"2 minutes"},"schema":{"@context":"https:\/\/schema.org","@graph":[{"@type":"WebPage","@id":"https:\/\/www.kammerata.lu\/en\/calendrier\/masquerade-spectacle-pour-enfants-et-familles\/","url":"https:\/\/www.kammerata.lu\/en\/calendrier\/masquerade-spectacle-pour-enfants-et-familles\/","name":"Masquerade \u2013 Spectacle pour enfants et familles - Kammerata","isPartOf":{"@id":"https:\/\/www.kammerata.lu\/en\/#website"},"datePublished":"2024-08-23T10:03:11+00:00","dateModified":"2024-08-23T10:33:41+00:00","breadcrumb":{"@id":"https:\/\/www.kammerata.lu\/en\/calendrier\/masquerade-spectacle-pour-enfants-et-familles\/#breadcrumb"},"inLanguage":"en-US","potentialAction":[{"@type":"ReadAction","target":["https:\/\/www.kammerata.lu\/en\/calendrier\/masquerade-spectacle-pour-enfants-et-familles\/"]}]},{"@type":"BreadcrumbList","@id":"https:\/\/www.kammerata.lu\/en\/calendrier\/masquerade-spectacle-pour-enfants-et-familles\/#breadcrumb","itemListElement":[{"@type":"ListItem","position":1,"name":"Accueil","item":"https:\/\/www.kammerata.lu\/en\/"},{"@type":"ListItem","position":2,"name":"Masquerade \u2013 Spectacle pour enfants et familles"}]},{"@type":"WebSite","@id":"https:\/\/www.kammerata.lu\/en\/#website","url":"https:\/\/www.kammerata.lu\/en\/","name":"Kammerata","description":"","potentialAction":[{"@type":"SearchAction","target":{"@type":"EntryPoint","urlTemplate":"https:\/\/www.kammerata.lu\/en\/?s={search_term_string}"},"query-input":"required name=search_term_string"}],"inLanguage":"en-US"}]}},"_links":{"self":[{"href":"https:\/\/www.kammerata.lu\/en\/wp-json\/wp\/v2\/calendriers\/1653"}],"collection":[{"href":"https:\/\/www.kammerata.lu\/en\/wp-json\/wp\/v2\/calendriers"}],"about":[{"href":"https:\/\/www.kammerata.lu\/en\/wp-json\/wp\/v2\/types\/calendriers"}],"wp:attachment":[{"href":"https:\/\/www.kammerata.lu\/en\/wp-json\/wp\/v2\/media?parent=1653"}],"curies":[{"name":"wp","href":"https:\/\/api.w.org\/{rel}","templated":true}]}}