{"id":1688,"date":"2024-08-23T11:15:35","date_gmt":"2024-08-23T11:15:35","guid":{"rendered":"https:\/\/www.kammerata.lu\/calendrier\/dfaarwemonster-2\/"},"modified":"2024-08-23T11:20:07","modified_gmt":"2024-08-23T11:20:07","slug":"dfaarwemonster-2","status":"publish","type":"calendriers","link":"https:\/\/www.kammerata.lu\/en\/calendrier\/dfaarwemonster-2\/","title":{"rendered":"D&#8217;Faarwemonster"},"content":{"rendered":"<figure id=\"attachment_1680\" aria-describedby=\"caption-attachment-1680\" style=\"width: 980px\" class=\"wp-caption alignnone\"><img decoding=\"async\" class=\"wp-image-1680 size-large\" src=\"https:\/\/www.kammerata.lu\/wp-content\/uploads\/2024\/08\/KL23_MDV_Faarwemonster_DSCF0071-1024x683.jpg\" alt=\"\" width=\"980\" height=\"654\" srcset=\"https:\/\/www.kammerata.lu\/wp-content\/uploads\/2024\/08\/KL23_MDV_Faarwemonster_DSCF0071-1024x683.jpg 1024w, https:\/\/www.kammerata.lu\/wp-content\/uploads\/2024\/08\/KL23_MDV_Faarwemonster_DSCF0071-300x200.jpg 300w, https:\/\/www.kammerata.lu\/wp-content\/uploads\/2024\/08\/KL23_MDV_Faarwemonster_DSCF0071-768x512.jpg 768w, https:\/\/www.kammerata.lu\/wp-content\/uploads\/2024\/08\/KL23_MDV_Faarwemonster_DSCF0071-1536x1024.jpg 1536w, https:\/\/www.kammerata.lu\/wp-content\/uploads\/2024\/08\/KL23_MDV_Faarwemonster_DSCF0071-2048x1365.jpg 2048w\" sizes=\"(max-width: 980px) 100vw, 980px\" \/><figcaption id=\"caption-attachment-1680\" class=\"wp-caption-text\">\u00a9 Marc Jacoby<\/figcaption><\/figure>\n<p><strong><span class=\"TextRun SCXW109627574 BCX8\" lang=\"FR-FR\" xml:lang=\"FR-FR\" data-contrast=\"auto\"><span class=\"NormalTextRun SCXW109627574 BCX8\">Klang-Erzielung <\/span><span class=\"NormalTextRun SpellingErrorV2Themed SCXW109627574 BCX8\">fir<\/span><span class=\"NormalTextRun SCXW109627574 BCX8\"> Kanner | Musique &amp; Sc\u00e8ne | 4-8 ans | Cycles 1<\/span> <span class=\"NormalTextRun SCXW109627574 BCX8\">+<\/span> <span class=\"NormalTextRun SCXW109627574 BCX8\">2<\/span> <span class=\"NormalTextRun SCXW109627574 BCX8\">+<\/span> <span class=\"NormalTextRun SCXW109627574 BCX8\">3.1<\/span><\/span><span class=\"EOP SCXW109627574 BCX8\" data-ccp-props=\"{&quot;201341983&quot;:0,&quot;335559739&quot;:160,&quot;335559740&quot;:259}\">\u00a0<\/span><\/strong><\/p>\n<p><span data-contrast=\"none\">D\u00e9i rout verm\u00ebscht sech mat der gieler Faarf, d&#8217;Blo geet an d&#8217;Gr\u00e9ng iwwer. Schwaarz Faarwewolleken tiermen sech op an danze mat dem rosa Niwwel. D&#8217;Faarwemonster ass doruechter. Seng Faarwen si komplett duerchernee geroden! Dat m\u00e9cht et rosen! Nee traureg&#8230; Oder f\u00e4ertereg? Seng Fr\u00ebndin d&#8217;Esmeralda w\u00ebll him beim Sort\u00e9ieren h\u00ebllefen&#8230;<\/span><span data-ccp-props=\"{&quot;201341983&quot;:0,&quot;335559739&quot;:160,&quot;335559740&quot;:276}\">\u00a0<\/span><\/p>\n<p>Eng Geschicht iwwert de Klang vu Gefiller, Faarwen a Fr\u00ebndschaft fir Kanner am Alter vu 4 bis 8 Joer.<\/p>\n<p>Jenny Spielmann &amp; Catherine Hengesch, concept &amp; actresses<br \/>\nCatherine Elsen, outside eye<br \/>\nFrin Wolter, accordion<br \/>\nNathalie Ludwig, clarinet<br \/>\nUnna Nousiainen, viola<br \/>\nAnik Schwall, cello<\/p>\n<p>&nbsp;<\/p>\n<p><span class=\"LineBreakBlob BlobObject DragDrop SCXW260043345 BCX8\"><strong>Information \/ Booking<\/strong><br \/>\n<\/span><span class=\"TextRun SCXW142006651 BCX8\" lang=\"FR-FR\" xml:lang=\"FR-FR\" data-contrast=\"none\"><span class=\"NormalTextRun SCXW142006651 BCX8\">PRABBELI WILTZ<\/span><\/span><span class=\"LineBreakBlob BlobObject DragDrop SCXW142006651 BCX8\"><span class=\"SCXW142006651 BCX8\">\u00a0<\/span><br class=\"SCXW142006651 BCX8\" \/><\/span><a class=\"Hyperlink SCXW142006651 BCX8\" href=\"https:\/\/prabbeli.lu\/fr\/culture\/programme\" target=\"_blank\" rel=\"noreferrer noopener\"><span class=\"TextRun Underlined SCXW142006651 BCX8\" lang=\"FR-FR\" xml:lang=\"FR-FR\" data-contrast=\"none\"><span class=\"NormalTextRun SCXW142006651 BCX8\" data-ccp-charstyle=\"Hyperlink\">www.prabbeli.lu<\/span><\/span><\/a><span class=\"LineBreakBlob BlobObject DragDrop SCXW142006651 BCX8\"><span class=\"SCXW142006651 BCX8\">\u00a0<\/span><br class=\"SCXW142006651 BCX8\" \/><\/span><span class=\"TextRun SCXW142006651 BCX8\" lang=\"FR-FR\" xml:lang=\"FR-FR\" data-contrast=\"auto\"><span class=\"NormalTextRun SCXW142006651 BCX8\">Tickets : 12 \u20ac | &lt; 26 ans 6 \u20ac | <\/span><span class=\"NormalTextRun SpellingErrorV2Themed SCXW142006651 BCX8\">Kulturpass<\/span> <span class=\"NormalTextRun SpellingErrorV2Themed SCXW142006651 BCX8\">bienvue<\/span><\/span><\/p>\n<p>&nbsp;<\/p>\n<p><span class=\"TextRun SCXW187218082 BCX8\" lang=\"FR-FR\" xml:lang=\"FR-FR\" data-contrast=\"auto\"><span class=\"NormalTextRun SCXW187218082 BCX8\">In co-production with<\/span><\/span><\/p>\n<p><img decoding=\"async\" class=\"alignnone wp-image-1686\" src=\"https:\/\/www.kammerata.lu\/wp-content\/uploads\/2024\/08\/COOPERATIONS_CUTOUT-BLACK-300x300.png\" alt=\"\" width=\"100\" height=\"100\" srcset=\"https:\/\/www.kammerata.lu\/wp-content\/uploads\/2024\/08\/COOPERATIONS_CUTOUT-BLACK-300x300.png 300w, https:\/\/www.kammerata.lu\/wp-content\/uploads\/2024\/08\/COOPERATIONS_CUTOUT-BLACK-150x150.png 150w, https:\/\/www.kammerata.lu\/wp-content\/uploads\/2024\/08\/COOPERATIONS_CUTOUT-BLACK.png 472w\" sizes=\"(max-width: 100px) 100vw, 100px\" \/><\/p>\n<p>With the support of<\/p>\n<p><img decoding=\"async\" class=\"alignnone wp-image-1313\" src=\"https:\/\/www.kammerata.lu\/wp-content\/uploads\/2023\/08\/Logo_SPUERKEESS-300x54.png\" alt=\"\" width=\"440\" height=\"80\" srcset=\"https:\/\/www.kammerata.lu\/wp-content\/uploads\/2023\/08\/Logo_SPUERKEESS-300x54.png 300w, https:\/\/www.kammerata.lu\/wp-content\/uploads\/2023\/08\/Logo_SPUERKEESS-1024x186.png 1024w, https:\/\/www.kammerata.lu\/wp-content\/uploads\/2023\/08\/Logo_SPUERKEESS-768x140.png 768w, https:\/\/www.kammerata.lu\/wp-content\/uploads\/2023\/08\/Logo_SPUERKEESS-1536x279.png 1536w, https:\/\/www.kammerata.lu\/wp-content\/uploads\/2023\/08\/Logo_SPUERKEESS-2048x372.png 2048w\" sizes=\"(max-width: 440px) 100vw, 440px\" \/><\/p>\n","protected":false},"menu_order":23,"template":"","acf":[],"yoast_head":"<!-- This site is optimized with the Yoast SEO plugin v21.3 - https:\/\/yoast.com\/wordpress\/plugins\/seo\/ -->\n<title>D&#039;Faarwemonster - Kammerata<\/title>\n<link rel=\"canonical\" href=\"https:\/\/www.kammerata.lu\/en\/calendrier\/dfaarwemonster-2\/\" \/>\n<meta property=\"og:locale\" content=\"en_US\" \/>\n<meta property=\"og:type\" content=\"article\" \/>\n<meta property=\"og:title\" content=\"D&#039;Faarwemonster - Kammerata\" \/>\n<meta property=\"og:description\" content=\"Klang-Erzielung fir Kanner | Musique &amp; Sc\u00e8ne | 4-8 ans | Cycles 1 + 2 + 3.1\u00a0 D\u00e9i rout verm\u00ebscht sech mat der gieler Faarf, d&#8217;Blo geet an d&#8217;Gr\u00e9ng iwwer. Schwaarz Faarwewolleken tiermen sech op an danze mat dem rosa Niwwel. D&#8217;Faarwemonster ass doruechter. Seng Faarwen si komplett duerchernee geroden! Dat m\u00e9cht et rosen! Nee [&hellip;]\" \/>\n<meta property=\"og:url\" content=\"https:\/\/www.kammerata.lu\/en\/calendrier\/dfaarwemonster-2\/\" \/>\n<meta property=\"og:site_name\" content=\"Kammerata\" \/>\n<meta property=\"article:modified_time\" content=\"2024-08-23T11:20:07+00:00\" \/>\n<meta property=\"og:image\" content=\"https:\/\/www.kammerata.lu\/wp-content\/uploads\/2024\/08\/KL23_MDV_Faarwemonster_DSCF0071-1024x683.jpg\" \/>\n<meta name=\"twitter:card\" content=\"summary_large_image\" \/>\n<meta name=\"twitter:label1\" content=\"Est. reading time\" \/>\n\t<meta name=\"twitter:data1\" content=\"2 minutes\" \/>\n<script type=\"application\/ld+json\" class=\"yoast-schema-graph\">{\"@context\":\"https:\/\/schema.org\",\"@graph\":[{\"@type\":\"WebPage\",\"@id\":\"https:\/\/www.kammerata.lu\/en\/calendrier\/dfaarwemonster-2\/\",\"url\":\"https:\/\/www.kammerata.lu\/en\/calendrier\/dfaarwemonster-2\/\",\"name\":\"D'Faarwemonster - Kammerata\",\"isPartOf\":{\"@id\":\"https:\/\/www.kammerata.lu\/en\/#website\"},\"datePublished\":\"2024-08-23T11:15:35+00:00\",\"dateModified\":\"2024-08-23T11:20:07+00:00\",\"breadcrumb\":{\"@id\":\"https:\/\/www.kammerata.lu\/en\/calendrier\/dfaarwemonster-2\/#breadcrumb\"},\"inLanguage\":\"en-US\",\"potentialAction\":[{\"@type\":\"ReadAction\",\"target\":[\"https:\/\/www.kammerata.lu\/en\/calendrier\/dfaarwemonster-2\/\"]}]},{\"@type\":\"BreadcrumbList\",\"@id\":\"https:\/\/www.kammerata.lu\/en\/calendrier\/dfaarwemonster-2\/#breadcrumb\",\"itemListElement\":[{\"@type\":\"ListItem\",\"position\":1,\"name\":\"Accueil\",\"item\":\"https:\/\/www.kammerata.lu\/en\/\"},{\"@type\":\"ListItem\",\"position\":2,\"name\":\"D&rsquo;Faarwemonster\"}]},{\"@type\":\"WebSite\",\"@id\":\"https:\/\/www.kammerata.lu\/en\/#website\",\"url\":\"https:\/\/www.kammerata.lu\/en\/\",\"name\":\"Kammerata\",\"description\":\"\",\"potentialAction\":[{\"@type\":\"SearchAction\",\"target\":{\"@type\":\"EntryPoint\",\"urlTemplate\":\"https:\/\/www.kammerata.lu\/en\/?s={search_term_string}\"},\"query-input\":\"required name=search_term_string\"}],\"inLanguage\":\"en-US\"}]}<\/script>\n<!-- \/ Yoast SEO plugin. -->","yoast_head_json":{"title":"D'Faarwemonster - Kammerata","canonical":"https:\/\/www.kammerata.lu\/en\/calendrier\/dfaarwemonster-2\/","og_locale":"en_US","og_type":"article","og_title":"D'Faarwemonster - Kammerata","og_description":"Klang-Erzielung fir Kanner | Musique &amp; Sc\u00e8ne | 4-8 ans | Cycles 1 + 2 + 3.1\u00a0 D\u00e9i rout verm\u00ebscht sech mat der gieler Faarf, d&#8217;Blo geet an d&#8217;Gr\u00e9ng iwwer. Schwaarz Faarwewolleken tiermen sech op an danze mat dem rosa Niwwel. D&#8217;Faarwemonster ass doruechter. Seng Faarwen si komplett duerchernee geroden! Dat m\u00e9cht et rosen! Nee [&hellip;]","og_url":"https:\/\/www.kammerata.lu\/en\/calendrier\/dfaarwemonster-2\/","og_site_name":"Kammerata","article_modified_time":"2024-08-23T11:20:07+00:00","og_image":[{"url":"https:\/\/www.kammerata.lu\/wp-content\/uploads\/2024\/08\/KL23_MDV_Faarwemonster_DSCF0071-1024x683.jpg"}],"twitter_card":"summary_large_image","twitter_misc":{"Est. reading time":"2 minutes"},"schema":{"@context":"https:\/\/schema.org","@graph":[{"@type":"WebPage","@id":"https:\/\/www.kammerata.lu\/en\/calendrier\/dfaarwemonster-2\/","url":"https:\/\/www.kammerata.lu\/en\/calendrier\/dfaarwemonster-2\/","name":"D'Faarwemonster - Kammerata","isPartOf":{"@id":"https:\/\/www.kammerata.lu\/en\/#website"},"datePublished":"2024-08-23T11:15:35+00:00","dateModified":"2024-08-23T11:20:07+00:00","breadcrumb":{"@id":"https:\/\/www.kammerata.lu\/en\/calendrier\/dfaarwemonster-2\/#breadcrumb"},"inLanguage":"en-US","potentialAction":[{"@type":"ReadAction","target":["https:\/\/www.kammerata.lu\/en\/calendrier\/dfaarwemonster-2\/"]}]},{"@type":"BreadcrumbList","@id":"https:\/\/www.kammerata.lu\/en\/calendrier\/dfaarwemonster-2\/#breadcrumb","itemListElement":[{"@type":"ListItem","position":1,"name":"Accueil","item":"https:\/\/www.kammerata.lu\/en\/"},{"@type":"ListItem","position":2,"name":"D&rsquo;Faarwemonster"}]},{"@type":"WebSite","@id":"https:\/\/www.kammerata.lu\/en\/#website","url":"https:\/\/www.kammerata.lu\/en\/","name":"Kammerata","description":"","potentialAction":[{"@type":"SearchAction","target":{"@type":"EntryPoint","urlTemplate":"https:\/\/www.kammerata.lu\/en\/?s={search_term_string}"},"query-input":"required name=search_term_string"}],"inLanguage":"en-US"}]}},"_links":{"self":[{"href":"https:\/\/www.kammerata.lu\/en\/wp-json\/wp\/v2\/calendriers\/1688"}],"collection":[{"href":"https:\/\/www.kammerata.lu\/en\/wp-json\/wp\/v2\/calendriers"}],"about":[{"href":"https:\/\/www.kammerata.lu\/en\/wp-json\/wp\/v2\/types\/calendriers"}],"wp:attachment":[{"href":"https:\/\/www.kammerata.lu\/en\/wp-json\/wp\/v2\/media?parent=1688"}],"curies":[{"name":"wp","href":"https:\/\/api.w.org\/{rel}","templated":true}]}}