{"id":171,"date":"2020-08-18T11:18:33","date_gmt":"2020-08-18T11:18:33","guid":{"rendered":"https:\/\/www.kammerata.lu\/calendrier\/suite-histoire-du-soldat-monocle-portrait-de-s-von-harden-2\/"},"modified":"2020-09-15T07:27:36","modified_gmt":"2020-09-15T07:27:36","slug":"suite-histoire-du-soldat-monocle-portrait-de-s-von-harden-2","status":"publish","type":"calendriers","link":"https:\/\/www.kammerata.lu\/en\/calendrier\/suite-histoire-du-soldat-monocle-portrait-de-s-von-harden-2\/","title":{"rendered":"HISTOIRE DU SOLDAT \/ MONOCLE -PORTRAIT DE S. VON HARDEN"},"content":{"rendered":"<div class=\"event_longtext\" data-sf-field=\"Content\" data-sf-ftype=\"LongText\">\n<div class=\"event_longtext\" data-sf-field=\"Content\" data-sf-ftype=\"LongText\">\n<p><b>Immersion po\u00e9tique et musicale dans l\u2019entre-deux-guerres.<\/b><\/p>\n<p>Cette soir\u00e9e met en lien la Suite &#8211; Histoire du Soldat de Stravinsky (1920) \u2013 interpr\u00e9t\u00e9e par les musiciens de la Kammerata Luxembourg et le com\u00e9dien Luc Schiltz \u2013 avec le monodrame Monocle, portrait de S. von Harden (2010), performance du m\u00eame acteur dans une singuli\u00e8re m\u00e9tamorphose. Luc Schiltz se mue ici dans la t\u00eate et le corps de la c\u00e9l\u00e8bre journaliste Sylvia von Harden, ic\u00f4ne f\u00e9minine immortalis\u00e9e par le peintre Otto Dix (1926).<\/p>\n<p>Un voyage \u00e9lectrisant dans le temps o\u00f9 l\u2019entre-deux-guerres laisse entrevoir l\u2019espoir, la f\u00eate et des troubles annon\u00e7ant des heures sombres.<\/p>\n<\/div>\n<p>&nbsp;<\/p>\n<p><span style=\"color: #7c7c7b\"><b>SAMEDI<br \/>\n<\/b><b>03 I 10 I 2020<br \/>\n<\/b>20h00\u00a0ESCHER THEATER<\/span><\/p>\n<p>&nbsp;<\/p>\n<p><span style=\"color: #b65f69\"><b>MONOCLE, PORTRAIT DE<span class=\"Apple-converted-space\"><br \/>\n<\/span><\/b><b>S. VON HARDEN<\/b><\/span><\/p>\n<p><b>St\u00e9phane Ghislain Roussel <\/b>texte &amp; mise en sc\u00e8ne<br \/>\n<b>Viktor Ilieff <\/b>musique<br \/>\n<b>Xavier Ronze <\/b>costumes<br \/>\n<b>Sandrine Roman <\/b>maquillage<br \/>\n<b>Luc Schiltz <\/b>acteur<\/p>\n<p><b><br \/>\n<span style=\"color: #b65f69\">IGOR STRAWINSKY<span class=\"Apple-converted-space\"><br \/>\n<\/span><\/span><\/b><span style=\"color: #b65f69\"><b>SUITE DE L\u2019HISTOIRE <\/b><b>DU SOLDAT<\/b><\/span><\/p>\n<p><b>Aur\u00e9lien Bello <\/b>direction<br \/>\n<b>Sandrine Cantoreggi <\/b>violon<br \/>\n<b>Jeannot Sanavia <\/b>contrebasse<br \/>\n<b>S\u00e9bastien Duguet <\/b>clarinette<br \/>\n<b>Pit Brosius <\/b>basson<br \/>\n<b>Melvin Burger <\/b>cornet \u00e0 pistons<br \/>\n<b>Claude Origer <\/b>trombone<span class=\"Apple-converted-space\"><br \/>\n<\/span><b>Victor Kraus <\/b>percussions<br \/>\n<b>Luc Schiltz <\/b>acteur<\/p>\n<p>&nbsp;<\/p>\n<p><b>Normal 20 \u20ac | 16 \u20ac<br \/>\n<\/b><b>Jeunes 9 \u20ac | 8 \u20ac<br \/>\n<\/b>R\u00e9servations :<span class=\"Apple-converted-space\"><br \/>\n<\/span>27 54 &#8211; 5010 ou 5020<br \/>\nwww.theatre.esch.lu<\/p>\n<\/div>\n","protected":false},"menu_order":80,"template":"","acf":[],"yoast_head":"<!-- This site is optimized with the Yoast SEO plugin v21.3 - https:\/\/yoast.com\/wordpress\/plugins\/seo\/ -->\n<title>HISTOIRE DU SOLDAT \/ MONOCLE -PORTRAIT DE S. VON HARDEN - Kammerata<\/title>\n<link rel=\"canonical\" href=\"https:\/\/www.kammerata.lu\/en\/calendrier\/suite-histoire-du-soldat-monocle-portrait-de-s-von-harden-2\/\" \/>\n<meta property=\"og:locale\" content=\"en_US\" \/>\n<meta property=\"og:type\" content=\"article\" \/>\n<meta property=\"og:title\" content=\"HISTOIRE DU SOLDAT \/ MONOCLE -PORTRAIT DE S. VON HARDEN - Kammerata\" \/>\n<meta property=\"og:description\" content=\"Immersion po\u00e9tique et musicale dans l\u2019entre-deux-guerres. Cette soir\u00e9e met en lien la Suite &#8211; Histoire du Soldat de Stravinsky (1920) \u2013 interpr\u00e9t\u00e9e par les musiciens de la Kammerata Luxembourg et le com\u00e9dien Luc Schiltz \u2013 avec le monodrame Monocle, portrait de S. von Harden (2010), performance du m\u00eame acteur dans une singuli\u00e8re m\u00e9tamorphose. Luc Schiltz [&hellip;]\" \/>\n<meta property=\"og:url\" content=\"https:\/\/www.kammerata.lu\/en\/calendrier\/suite-histoire-du-soldat-monocle-portrait-de-s-von-harden-2\/\" \/>\n<meta property=\"og:site_name\" content=\"Kammerata\" \/>\n<meta property=\"article:modified_time\" content=\"2020-09-15T07:27:36+00:00\" \/>\n<meta name=\"twitter:card\" content=\"summary_large_image\" \/>\n<meta name=\"twitter:label1\" content=\"Est. reading time\" \/>\n\t<meta name=\"twitter:data1\" content=\"1 minute\" \/>\n<script type=\"application\/ld+json\" class=\"yoast-schema-graph\">{\"@context\":\"https:\/\/schema.org\",\"@graph\":[{\"@type\":\"WebPage\",\"@id\":\"https:\/\/www.kammerata.lu\/en\/calendrier\/suite-histoire-du-soldat-monocle-portrait-de-s-von-harden-2\/\",\"url\":\"https:\/\/www.kammerata.lu\/en\/calendrier\/suite-histoire-du-soldat-monocle-portrait-de-s-von-harden-2\/\",\"name\":\"HISTOIRE DU SOLDAT \/ MONOCLE -PORTRAIT DE S. VON HARDEN - Kammerata\",\"isPartOf\":{\"@id\":\"https:\/\/www.kammerata.lu\/en\/#website\"},\"datePublished\":\"2020-08-18T11:18:33+00:00\",\"dateModified\":\"2020-09-15T07:27:36+00:00\",\"breadcrumb\":{\"@id\":\"https:\/\/www.kammerata.lu\/en\/calendrier\/suite-histoire-du-soldat-monocle-portrait-de-s-von-harden-2\/#breadcrumb\"},\"inLanguage\":\"en-US\",\"potentialAction\":[{\"@type\":\"ReadAction\",\"target\":[\"https:\/\/www.kammerata.lu\/en\/calendrier\/suite-histoire-du-soldat-monocle-portrait-de-s-von-harden-2\/\"]}]},{\"@type\":\"BreadcrumbList\",\"@id\":\"https:\/\/www.kammerata.lu\/en\/calendrier\/suite-histoire-du-soldat-monocle-portrait-de-s-von-harden-2\/#breadcrumb\",\"itemListElement\":[{\"@type\":\"ListItem\",\"position\":1,\"name\":\"Accueil\",\"item\":\"https:\/\/www.kammerata.lu\/en\/\"},{\"@type\":\"ListItem\",\"position\":2,\"name\":\"HISTOIRE DU SOLDAT \/ MONOCLE -PORTRAIT DE S. VON HARDEN\"}]},{\"@type\":\"WebSite\",\"@id\":\"https:\/\/www.kammerata.lu\/en\/#website\",\"url\":\"https:\/\/www.kammerata.lu\/en\/\",\"name\":\"Kammerata\",\"description\":\"\",\"potentialAction\":[{\"@type\":\"SearchAction\",\"target\":{\"@type\":\"EntryPoint\",\"urlTemplate\":\"https:\/\/www.kammerata.lu\/en\/?s={search_term_string}\"},\"query-input\":\"required name=search_term_string\"}],\"inLanguage\":\"en-US\"}]}<\/script>\n<!-- \/ Yoast SEO plugin. -->","yoast_head_json":{"title":"HISTOIRE DU SOLDAT \/ MONOCLE -PORTRAIT DE S. VON HARDEN - Kammerata","canonical":"https:\/\/www.kammerata.lu\/en\/calendrier\/suite-histoire-du-soldat-monocle-portrait-de-s-von-harden-2\/","og_locale":"en_US","og_type":"article","og_title":"HISTOIRE DU SOLDAT \/ MONOCLE -PORTRAIT DE S. VON HARDEN - Kammerata","og_description":"Immersion po\u00e9tique et musicale dans l\u2019entre-deux-guerres. Cette soir\u00e9e met en lien la Suite &#8211; Histoire du Soldat de Stravinsky (1920) \u2013 interpr\u00e9t\u00e9e par les musiciens de la Kammerata Luxembourg et le com\u00e9dien Luc Schiltz \u2013 avec le monodrame Monocle, portrait de S. von Harden (2010), performance du m\u00eame acteur dans une singuli\u00e8re m\u00e9tamorphose. Luc Schiltz [&hellip;]","og_url":"https:\/\/www.kammerata.lu\/en\/calendrier\/suite-histoire-du-soldat-monocle-portrait-de-s-von-harden-2\/","og_site_name":"Kammerata","article_modified_time":"2020-09-15T07:27:36+00:00","twitter_card":"summary_large_image","twitter_misc":{"Est. reading time":"1 minute"},"schema":{"@context":"https:\/\/schema.org","@graph":[{"@type":"WebPage","@id":"https:\/\/www.kammerata.lu\/en\/calendrier\/suite-histoire-du-soldat-monocle-portrait-de-s-von-harden-2\/","url":"https:\/\/www.kammerata.lu\/en\/calendrier\/suite-histoire-du-soldat-monocle-portrait-de-s-von-harden-2\/","name":"HISTOIRE DU SOLDAT \/ MONOCLE -PORTRAIT DE S. VON HARDEN - Kammerata","isPartOf":{"@id":"https:\/\/www.kammerata.lu\/en\/#website"},"datePublished":"2020-08-18T11:18:33+00:00","dateModified":"2020-09-15T07:27:36+00:00","breadcrumb":{"@id":"https:\/\/www.kammerata.lu\/en\/calendrier\/suite-histoire-du-soldat-monocle-portrait-de-s-von-harden-2\/#breadcrumb"},"inLanguage":"en-US","potentialAction":[{"@type":"ReadAction","target":["https:\/\/www.kammerata.lu\/en\/calendrier\/suite-histoire-du-soldat-monocle-portrait-de-s-von-harden-2\/"]}]},{"@type":"BreadcrumbList","@id":"https:\/\/www.kammerata.lu\/en\/calendrier\/suite-histoire-du-soldat-monocle-portrait-de-s-von-harden-2\/#breadcrumb","itemListElement":[{"@type":"ListItem","position":1,"name":"Accueil","item":"https:\/\/www.kammerata.lu\/en\/"},{"@type":"ListItem","position":2,"name":"HISTOIRE DU SOLDAT \/ MONOCLE -PORTRAIT DE S. VON HARDEN"}]},{"@type":"WebSite","@id":"https:\/\/www.kammerata.lu\/en\/#website","url":"https:\/\/www.kammerata.lu\/en\/","name":"Kammerata","description":"","potentialAction":[{"@type":"SearchAction","target":{"@type":"EntryPoint","urlTemplate":"https:\/\/www.kammerata.lu\/en\/?s={search_term_string}"},"query-input":"required name=search_term_string"}],"inLanguage":"en-US"}]}},"_links":{"self":[{"href":"https:\/\/www.kammerata.lu\/en\/wp-json\/wp\/v2\/calendriers\/171"}],"collection":[{"href":"https:\/\/www.kammerata.lu\/en\/wp-json\/wp\/v2\/calendriers"}],"about":[{"href":"https:\/\/www.kammerata.lu\/en\/wp-json\/wp\/v2\/types\/calendriers"}],"wp:attachment":[{"href":"https:\/\/www.kammerata.lu\/en\/wp-json\/wp\/v2\/media?parent=171"}],"curies":[{"name":"wp","href":"https:\/\/api.w.org\/{rel}","templated":true}]}}