{"id":1774,"date":"2025-02-03T09:16:44","date_gmt":"2025-02-03T09:16:44","guid":{"rendered":"https:\/\/www.kammerata.lu\/?post_type=calendriers&#038;p=1774"},"modified":"2025-02-13T08:03:47","modified_gmt":"2025-02-13T08:03:47","slug":"portrait-of-gyorgy-kurtag-music-as-language","status":"publish","type":"calendriers","link":"https:\/\/www.kammerata.lu\/en\/calendrier\/portrait-of-gyorgy-kurtag-music-as-language\/","title":{"rendered":"Portrait of Gy\u00f6rgy Kurt\u00e1g: Music as language"},"content":{"rendered":"<figure id=\"attachment_1781\" aria-describedby=\"caption-attachment-1781\" style=\"width: 980px\" class=\"wp-caption alignnone\"><img decoding=\"async\" class=\"wp-image-1781 size-large\" src=\"https:\/\/www.kammerata.lu\/wp-content\/uploads\/2025\/02\/Markus-Bronnimann-1_c-Tashko-Tasheff-1024x704.jpg\" alt=\"\" width=\"980\" height=\"674\" srcset=\"https:\/\/www.kammerata.lu\/wp-content\/uploads\/2025\/02\/Markus-Bronnimann-1_c-Tashko-Tasheff-1024x704.jpg 1024w, https:\/\/www.kammerata.lu\/wp-content\/uploads\/2025\/02\/Markus-Bronnimann-1_c-Tashko-Tasheff-300x206.jpg 300w, https:\/\/www.kammerata.lu\/wp-content\/uploads\/2025\/02\/Markus-Bronnimann-1_c-Tashko-Tasheff-768x528.jpg 768w, https:\/\/www.kammerata.lu\/wp-content\/uploads\/2025\/02\/Markus-Bronnimann-1_c-Tashko-Tasheff-1536x1055.jpg 1536w, https:\/\/www.kammerata.lu\/wp-content\/uploads\/2025\/02\/Markus-Bronnimann-1_c-Tashko-Tasheff-2048x1407.jpg 2048w\" sizes=\"(max-width: 980px) 100vw, 980px\" \/><figcaption id=\"caption-attachment-1781\" class=\"wp-caption-text\">Tashko Tasheff<\/figcaption><\/figure>\n<p><strong>On the occasion of the complete recording of Kurt\u00e1g&#8217;s works for flute by Markus Br\u00f6nnimann<\/strong><\/p>\n<p>Kammerata Luxembourg invites you to an exceptional musical experience dedicated to the Hungarian composer Gy\u00f6rgy Kurt\u00e1g (*1926). This special tribute is inspired by the release of Markus Br\u00f6nnimann\u2019s complete recording of Kurt\u00e1g\u2019s works for flute\u2014a deeply profound artistic achievement.<br \/>\nKurt\u00e1g\u2019s music captivates with its unique expressive power, influenced by the Hungarian language, and its reduction to the essential. In addition to works by the &#8220;master of miniaturization,&#8221; the program will feature compositions by Claude Debussy, one of Kurt\u00e1g\u2019s major influences.<br \/>\nA highlight of the evening will be the Luxembourg premiere of Short Story, a composition by Markus Br\u00f6nnimann that bridges tradition and musical modernity. Marcel Reuter will present the program.<\/p>\n<p>Gy\u00f6rgy Kurt\u00e1g (1926) \u2013 Signs, Games and Messages for string trio \/ solo double bass \/ solo flute<br \/>\nMarkus Br\u00f6nnimann (1968) \u2013 Short Story for flute and piano<br \/>\nGy\u00f6rgy Kurt\u00e1g \u2013 Signs, Games and Messages for string trio \/ solo double bass \/ solo flute<br \/>\nClaude Debussy (1862\u20131918) \u2013 Six \u00e9pigraphes antiques for flute and piano<br \/>\nGy\u00f6rgy Kurt\u00e1g \u2013 Bagatelles op. 14\/d for flute, double bass, and piano<\/p>\n<p>Markus Br\u00f6nnimann, flute<br \/>\nMichael Kleiser, piano<br \/>\nIlka Emmert, double bass<br \/>\nSandrine Cantoreggi, violin<br \/>\nSusanne Martens, viola<br \/>\nPierre Fontenelle, cello<br \/>\nMarcel Reuter, presenter<\/p>\n<p><strong>Information \/ Reservations<\/strong><br \/>\n<a href=\"https:\/\/cape.lu\/kammerata-luxembourg-3\/14070\" target=\"_blank\" rel=\"noopener\">www.cape.lu<\/a><br \/>\n(+352) 2681 2681<br \/>\n<a href=\"mailto:tickets@cape.lu\">tickets@cape.lu<\/a><br \/>\nTickets: \u20ac26 | Under 26: \u20ac13 | Kulturpass welcome<\/p>\n","protected":false},"menu_order":27,"template":"","acf":[],"yoast_head":"<!-- This site is optimized with the Yoast SEO plugin v21.3 - https:\/\/yoast.com\/wordpress\/plugins\/seo\/ -->\n<title>Portrait of Gy\u00f6rgy Kurt\u00e1g: Music as language - Kammerata<\/title>\n<link rel=\"canonical\" href=\"https:\/\/www.kammerata.lu\/en\/calendrier\/portrait-of-gyorgy-kurtag-music-as-language\/\" \/>\n<meta property=\"og:locale\" content=\"en_US\" \/>\n<meta property=\"og:type\" content=\"article\" \/>\n<meta property=\"og:title\" content=\"Portrait of Gy\u00f6rgy Kurt\u00e1g: Music as language - Kammerata\" \/>\n<meta property=\"og:description\" content=\"On the occasion of the complete recording of Kurt\u00e1g&#8217;s works for flute by Markus Br\u00f6nnimann Kammerata Luxembourg invites you to an exceptional musical experience dedicated to the Hungarian composer Gy\u00f6rgy Kurt\u00e1g (*1926). This special tribute is inspired by the release of Markus Br\u00f6nnimann\u2019s complete recording of Kurt\u00e1g\u2019s works for flute\u2014a deeply profound artistic achievement. Kurt\u00e1g\u2019s [&hellip;]\" \/>\n<meta property=\"og:url\" content=\"https:\/\/www.kammerata.lu\/en\/calendrier\/portrait-of-gyorgy-kurtag-music-as-language\/\" \/>\n<meta property=\"og:site_name\" content=\"Kammerata\" \/>\n<meta property=\"article:modified_time\" content=\"2025-02-13T08:03:47+00:00\" \/>\n<meta property=\"og:image\" content=\"https:\/\/www.kammerata.lu\/wp-content\/uploads\/2025\/02\/Markus-Bronnimann-1_c-Tashko-Tasheff-1024x704.jpg\" \/>\n<meta name=\"twitter:card\" content=\"summary_large_image\" \/>\n<meta name=\"twitter:label1\" content=\"Est. reading time\" \/>\n\t<meta name=\"twitter:data1\" content=\"2 minutes\" \/>\n<script type=\"application\/ld+json\" class=\"yoast-schema-graph\">{\"@context\":\"https:\/\/schema.org\",\"@graph\":[{\"@type\":\"WebPage\",\"@id\":\"https:\/\/www.kammerata.lu\/en\/calendrier\/portrait-of-gyorgy-kurtag-music-as-language\/\",\"url\":\"https:\/\/www.kammerata.lu\/en\/calendrier\/portrait-of-gyorgy-kurtag-music-as-language\/\",\"name\":\"Portrait of Gy\u00f6rgy Kurt\u00e1g: Music as language - Kammerata\",\"isPartOf\":{\"@id\":\"https:\/\/www.kammerata.lu\/en\/#website\"},\"datePublished\":\"2025-02-03T09:16:44+00:00\",\"dateModified\":\"2025-02-13T08:03:47+00:00\",\"breadcrumb\":{\"@id\":\"https:\/\/www.kammerata.lu\/en\/calendrier\/portrait-of-gyorgy-kurtag-music-as-language\/#breadcrumb\"},\"inLanguage\":\"en-US\",\"potentialAction\":[{\"@type\":\"ReadAction\",\"target\":[\"https:\/\/www.kammerata.lu\/en\/calendrier\/portrait-of-gyorgy-kurtag-music-as-language\/\"]}]},{\"@type\":\"BreadcrumbList\",\"@id\":\"https:\/\/www.kammerata.lu\/en\/calendrier\/portrait-of-gyorgy-kurtag-music-as-language\/#breadcrumb\",\"itemListElement\":[{\"@type\":\"ListItem\",\"position\":1,\"name\":\"Accueil\",\"item\":\"https:\/\/www.kammerata.lu\/en\/\"},{\"@type\":\"ListItem\",\"position\":2,\"name\":\"Portrait of Gy\u00f6rgy Kurt\u00e1g: Music as language\"}]},{\"@type\":\"WebSite\",\"@id\":\"https:\/\/www.kammerata.lu\/en\/#website\",\"url\":\"https:\/\/www.kammerata.lu\/en\/\",\"name\":\"Kammerata\",\"description\":\"\",\"potentialAction\":[{\"@type\":\"SearchAction\",\"target\":{\"@type\":\"EntryPoint\",\"urlTemplate\":\"https:\/\/www.kammerata.lu\/en\/?s={search_term_string}\"},\"query-input\":\"required name=search_term_string\"}],\"inLanguage\":\"en-US\"}]}<\/script>\n<!-- \/ Yoast SEO plugin. -->","yoast_head_json":{"title":"Portrait of Gy\u00f6rgy Kurt\u00e1g: Music as language - Kammerata","canonical":"https:\/\/www.kammerata.lu\/en\/calendrier\/portrait-of-gyorgy-kurtag-music-as-language\/","og_locale":"en_US","og_type":"article","og_title":"Portrait of Gy\u00f6rgy Kurt\u00e1g: Music as language - Kammerata","og_description":"On the occasion of the complete recording of Kurt\u00e1g&#8217;s works for flute by Markus Br\u00f6nnimann Kammerata Luxembourg invites you to an exceptional musical experience dedicated to the Hungarian composer Gy\u00f6rgy Kurt\u00e1g (*1926). This special tribute is inspired by the release of Markus Br\u00f6nnimann\u2019s complete recording of Kurt\u00e1g\u2019s works for flute\u2014a deeply profound artistic achievement. Kurt\u00e1g\u2019s [&hellip;]","og_url":"https:\/\/www.kammerata.lu\/en\/calendrier\/portrait-of-gyorgy-kurtag-music-as-language\/","og_site_name":"Kammerata","article_modified_time":"2025-02-13T08:03:47+00:00","og_image":[{"url":"https:\/\/www.kammerata.lu\/wp-content\/uploads\/2025\/02\/Markus-Bronnimann-1_c-Tashko-Tasheff-1024x704.jpg"}],"twitter_card":"summary_large_image","twitter_misc":{"Est. reading time":"2 minutes"},"schema":{"@context":"https:\/\/schema.org","@graph":[{"@type":"WebPage","@id":"https:\/\/www.kammerata.lu\/en\/calendrier\/portrait-of-gyorgy-kurtag-music-as-language\/","url":"https:\/\/www.kammerata.lu\/en\/calendrier\/portrait-of-gyorgy-kurtag-music-as-language\/","name":"Portrait of Gy\u00f6rgy Kurt\u00e1g: Music as language - Kammerata","isPartOf":{"@id":"https:\/\/www.kammerata.lu\/en\/#website"},"datePublished":"2025-02-03T09:16:44+00:00","dateModified":"2025-02-13T08:03:47+00:00","breadcrumb":{"@id":"https:\/\/www.kammerata.lu\/en\/calendrier\/portrait-of-gyorgy-kurtag-music-as-language\/#breadcrumb"},"inLanguage":"en-US","potentialAction":[{"@type":"ReadAction","target":["https:\/\/www.kammerata.lu\/en\/calendrier\/portrait-of-gyorgy-kurtag-music-as-language\/"]}]},{"@type":"BreadcrumbList","@id":"https:\/\/www.kammerata.lu\/en\/calendrier\/portrait-of-gyorgy-kurtag-music-as-language\/#breadcrumb","itemListElement":[{"@type":"ListItem","position":1,"name":"Accueil","item":"https:\/\/www.kammerata.lu\/en\/"},{"@type":"ListItem","position":2,"name":"Portrait of Gy\u00f6rgy Kurt\u00e1g: Music as language"}]},{"@type":"WebSite","@id":"https:\/\/www.kammerata.lu\/en\/#website","url":"https:\/\/www.kammerata.lu\/en\/","name":"Kammerata","description":"","potentialAction":[{"@type":"SearchAction","target":{"@type":"EntryPoint","urlTemplate":"https:\/\/www.kammerata.lu\/en\/?s={search_term_string}"},"query-input":"required name=search_term_string"}],"inLanguage":"en-US"}]}},"_links":{"self":[{"href":"https:\/\/www.kammerata.lu\/en\/wp-json\/wp\/v2\/calendriers\/1774"}],"collection":[{"href":"https:\/\/www.kammerata.lu\/en\/wp-json\/wp\/v2\/calendriers"}],"about":[{"href":"https:\/\/www.kammerata.lu\/en\/wp-json\/wp\/v2\/types\/calendriers"}],"wp:attachment":[{"href":"https:\/\/www.kammerata.lu\/en\/wp-json\/wp\/v2\/media?parent=1774"}],"curies":[{"name":"wp","href":"https:\/\/api.w.org\/{rel}","templated":true}]}}