{"id":1914,"date":"2025-08-05T07:35:44","date_gmt":"2025-08-05T07:35:44","guid":{"rendered":"https:\/\/www.kammerata.lu\/calendrier\/coppelia-eng-ongeweinlech-popp\/"},"modified":"2025-11-03T14:06:52","modified_gmt":"2025-11-03T14:06:52","slug":"coppelia-eng-ongeweinlech-popp","status":"publish","type":"calendriers","link":"https:\/\/www.kammerata.lu\/en\/calendrier\/coppelia-eng-ongeweinlech-popp\/","title":{"rendered":"Copp\u00e9lia &#8211; Eng ongew\u00e9inlech Popp"},"content":{"rendered":"<p><img decoding=\"async\" class=\"alignnone wp-image-1975\" src=\"https:\/\/www.kammerata.lu\/wp-content\/uploads\/2025\/08\/KAMMERATA-2025-c-KI-Coppelia-V.2-683x1024.jpg\" alt=\"\" width=\"336\" height=\"504\" srcset=\"https:\/\/www.kammerata.lu\/wp-content\/uploads\/2025\/08\/KAMMERATA-2025-c-KI-Coppelia-V.2-683x1024.jpg 683w, https:\/\/www.kammerata.lu\/wp-content\/uploads\/2025\/08\/KAMMERATA-2025-c-KI-Coppelia-V.2-200x300.jpg 200w, https:\/\/www.kammerata.lu\/wp-content\/uploads\/2025\/08\/KAMMERATA-2025-c-KI-Coppelia-V.2-768x1152.jpg 768w, https:\/\/www.kammerata.lu\/wp-content\/uploads\/2025\/08\/KAMMERATA-2025-c-KI-Coppelia-V.2.jpg 1024w\" sizes=\"(max-width: 336px) 100vw, 336px\" \/><\/p>\n<p>[Spectacle de 11h15 : SOLD OUT]<\/p>\n<p><strong><span class=\"TextRun SCXW51748198 BCX8\" lang=\"FR-FR\" xml:lang=\"FR-FR\" data-contrast=\"auto\"><span class=\"NormalTextRun SCXW51748198 BCX8\">Spectaclefor children <\/span><span class=\"NormalTextRun SCXW51748198 BCX8\">(6 \u2013 11 years) and the whole family in LU<\/span><\/span><span class=\"EOP SCXW51748198 BCX8\" data-ccp-props=\"{}\">\u00a0<\/span><\/strong><\/p>\n<p><span data-contrast=\"auto\">Wat, wann eng Popp esou lieweg wier, datt ee mengt, si k\u00e9int danzen, laachen \u2013 a vl\u00e4icht esouguer L\u00e9ift empfannen? Eng Popp, d\u00e9i sou echt ausges\u00e4it, datt een sech an si k\u00e9int verl\u00e9iwen?<\/span><span data-ccp-props=\"{}\">\u00a0<\/span><\/p>\n<p><span data-contrast=\"auto\">An d\u00ebser zauberhafter Opf\u00e9ierung erzielen eng D\u00e4nzerin, eng Erzielerin a v\u00e9ier Museker eng spannend Geschicht voll Iwwerraschungen \u2013 iwwer d\u2019Swanilda, de Franz an e geheimnisvollt Meedchen um Balcon.<\/span><span data-ccp-props=\"{}\">\u00a0<\/span><\/p>\n<p><span data-contrast=\"auto\">Mat der wonnersch\u00e9iner Musek vum L\u00e9o Delibes an enger fantasievoller Inzen\u00e9ierung, an d\u00e4r d\u2019Zuschauer selwer Deel vun der Geschicht ginn, entsteet e magescht Erliefnis fir d\u00e9i ganz Famill.<\/span><span data-ccp-props=\"{}\">\u00a0<\/span><\/p>\n<p><span data-contrast=\"auto\">Mat engem klengen Zwinkerlaachen, engem Hauch vu Magie \u2013 an d\u00e4r grousser Fro:\u202fWat ass wierklech echt?<\/span><span data-ccp-props=\"{}\">\u00a0<\/span><\/p>\n<p><strong>Musicians<\/strong><\/p>\n<p><span data-contrast=\"auto\">Cathy Heidt, violin<\/span><br \/>\n<span data-contrast=\"auto\">Ruben Dorneanu, violin<\/span><br \/>\n<span data-contrast=\"auto\">Susanne Martens, viola<\/span><br \/>\n<span data-contrast=\"auto\">Mario Vanderlinden, cello<\/span><\/p>\n<p><span data-contrast=\"auto\">Dominique Steiner, concept et narrator<\/span><br \/>\n<span data-contrast=\"auto\">Ma\u00eft\u00e9 Margue, dancer<\/span><\/p>\n<p><strong>Tickets\u00a0<\/strong><\/p>\n<p>Exclusively on <a href=\"https:\/\/www.musicdays.lu\/tickets\">TICKETS | Musicdays Vianden<\/a><\/p>\n<p><span data-contrast=\"auto\">Calmus Ensemble Leipzig \/ Der Ruf des Horns \/ Ernstes Spiel \u2013 gespielter Ernst : 30 \u20ac | &lt; 30 ans : 20 \u20ac<\/span><br \/>\n<span data-contrast=\"auto\">Copp\u00e9lia \u2013 Eng ongew\u00e9inlech Popp : 12 \u20ac | &lt; 12 ans : 5 \u20ac<\/span><br \/>\n<span data-contrast=\"auto\">Anaphora Trio : Entr\u00e9e libre (r\u00e9servation possible via info@anciencinema.lu)<\/span><span data-ccp-props=\"{}\">\u00a0<\/span><\/p>\n<p><span data-contrast=\"auto\">Pass 2 concerts : 42 \u20ac | &lt; 30 ans : 22 \u20ac<\/span><br \/>\n<span data-contrast=\"auto\">Pass all-in (tous les concerts) : 75 \u20ac | &lt; 30 ans<\/span><span data-ccp-props=\"{}\">\u00a0<\/span><\/p>\n<p><strong>Information<\/strong><br \/>\n<a href=\"https:\/\/www.musicdays.lu\/\">www.musicdays.lu<\/a><br \/>\n<a href=\"mailto:info@castle-vianden.lu\"><span data-contrast=\"auto\">info@castle-vianden.lu<\/span>\u00a0<\/a><br \/>\n<span data-contrast=\"auto\">t\u00e9l : 83 41 08 1<\/span><span data-ccp-props=\"{}\">\u00a0<\/span><\/p>\n<p>&nbsp;<\/p>\n<p><em>In coproduction with :\u00a0<\/em><\/p>\n<p><img decoding=\"async\" class=\"alignnone wp-image-1660\" src=\"https:\/\/cdn.shortpixel.ai\/spai\/q_glossy+w_383+to_webp+ret_img\/www.kammerata.lu\/wp-content\/uploads\/2024\/08\/Logos-Vianden-Commune-Castle_MusicDays.png\" sizes=\"(max-width: 383px) 100vw, 383px\" srcset=\" \" alt=\"\" width=\"383\" height=\"102\" data-spai=\"1\" data-spai-loading=\"lazy\" data-spai-lazy-loaded=\"true\" data-spai-width=\"383\" data-spai-height=\"102.016\" \/><\/p>\n<p><em>With the support of :\u00a0<\/em><\/p>\n<p><img decoding=\"async\" class=\"alignnone wp-image-1831\" src=\"https:\/\/cdn.shortpixel.ai\/spai\/q_glossy+w_119+to_webp+ret_img\/www.kammerata.lu\/wp-content\/uploads\/2025\/08\/Logo_Ewa-ohne-Text.png\" sizes=\"(max-width: 119px) 100vw, 119px\" srcset=\" \" alt=\"\" width=\"119\" height=\"119\" data-spai=\"1\" data-spai-loading=\"lazy\" data-spai-lazy-loaded=\"true\" data-spai-width=\"119\" data-spai-height=\"119\" \/><img decoding=\"async\" class=\"alignnone wp-image-1829\" src=\"https:\/\/cdn.shortpixel.ai\/spai\/q_glossy+w_271+to_webp+ret_img\/www.kammerata.lu\/wp-content\/uploads\/2025\/08\/Logo_WaagnerBiro.png\" sizes=\"(max-width: 271px) 100vw, 271px\" srcset=\" \" alt=\"\" width=\"271\" height=\"116\" data-spai=\"1\" data-spai-loading=\"lazy\" data-spai-lazy-loaded=\"true\" data-spai-width=\"271\" data-spai-height=\"116.391\" \/><img decoding=\"async\" class=\"alignnone wp-image-1895\" src=\"https:\/\/cdn.shortpixel.ai\/spai\/q_glossy+w_96+to_webp+ret_img\/www.kammerata.lu\/wp-content\/uploads\/2025\/08\/Logo_Islek-ohne-Grenzen_2016.png\" sizes=\"(max-width: 96px) 100vw, 96px\" srcset=\"https:\/\/www.kammerata.lu\/wp-content\/uploads\/2025\/08\/Logo_Islek-ohne-Grenzen_2016.png 800w, https:\/\/www.kammerata.lu\/wp-content\/uploads\/2025\/08\/Logo_Islek-ohne-Grenzen_2016-274x300.png 274w, https:\/\/www.kammerata.lu\/wp-content\/uploads\/2025\/08\/Logo_Islek-ohne-Grenzen_2016-768x840.png 768w\" alt=\"\" width=\"96\" height=\"105\" data-spai=\"1\" data-spai-loading=\"lazy\" data-spai-lazy-loaded=\"true\" data-spai-width=\"96\" data-spai-height=\"105\" \/>\u00a0<img decoding=\"async\" class=\"alignnone wp-image-1897\" src=\"https:\/\/cdn.shortpixel.ai\/spai\/q_glossy+w_310+to_webp+ret_img\/www.kammerata.lu\/wp-content\/uploads\/2025\/08\/Logo_Hotel-Petry.png\" sizes=\"(max-width: 310px) 100vw, 310px\" srcset=\" \" alt=\"\" width=\"310\" height=\"97\" data-spai=\"1\" data-spai-loading=\"lazy\" data-spai-lazy-loaded=\"true\" data-spai-width=\"310\" data-spai-height=\"96.875\" \/><\/p>\n","protected":false},"menu_order":5,"template":"","acf":[],"yoast_head":"<!-- This site is optimized with the Yoast SEO plugin v21.3 - https:\/\/yoast.com\/wordpress\/plugins\/seo\/ -->\n<title>Copp\u00e9lia - Eng ongew\u00e9inlech Popp - Kammerata<\/title>\n<link rel=\"canonical\" href=\"https:\/\/www.kammerata.lu\/en\/calendrier\/coppelia-eng-ongeweinlech-popp\/\" \/>\n<meta property=\"og:locale\" content=\"en_US\" \/>\n<meta property=\"og:type\" content=\"article\" \/>\n<meta property=\"og:title\" content=\"Copp\u00e9lia - Eng ongew\u00e9inlech Popp - Kammerata\" \/>\n<meta property=\"og:description\" content=\"[Spectacle de 11h15 : SOLD OUT] Spectaclefor children (6 \u2013 11 years) and the whole family in LU\u00a0 Wat, wann eng Popp esou lieweg wier, datt ee mengt, si k\u00e9int danzen, laachen \u2013 a vl\u00e4icht esouguer L\u00e9ift empfannen? Eng Popp, d\u00e9i sou echt ausges\u00e4it, datt een sech an si k\u00e9int verl\u00e9iwen?\u00a0 An d\u00ebser zauberhafter Opf\u00e9ierung [&hellip;]\" \/>\n<meta property=\"og:url\" content=\"https:\/\/www.kammerata.lu\/en\/calendrier\/coppelia-eng-ongeweinlech-popp\/\" \/>\n<meta property=\"og:site_name\" content=\"Kammerata\" \/>\n<meta property=\"article:modified_time\" content=\"2025-11-03T14:06:52+00:00\" \/>\n<meta property=\"og:image\" content=\"https:\/\/www.kammerata.lu\/wp-content\/uploads\/2025\/08\/KAMMERATA-2025-c-KI-Coppelia-V.2-683x1024.jpg\" \/>\n<meta name=\"twitter:card\" content=\"summary_large_image\" \/>\n<meta name=\"twitter:label1\" content=\"Est. reading time\" \/>\n\t<meta name=\"twitter:data1\" content=\"3 minutes\" \/>\n<script type=\"application\/ld+json\" class=\"yoast-schema-graph\">{\"@context\":\"https:\/\/schema.org\",\"@graph\":[{\"@type\":\"WebPage\",\"@id\":\"https:\/\/www.kammerata.lu\/en\/calendrier\/coppelia-eng-ongeweinlech-popp\/\",\"url\":\"https:\/\/www.kammerata.lu\/en\/calendrier\/coppelia-eng-ongeweinlech-popp\/\",\"name\":\"Copp\u00e9lia - Eng ongew\u00e9inlech Popp - Kammerata\",\"isPartOf\":{\"@id\":\"https:\/\/www.kammerata.lu\/en\/#website\"},\"datePublished\":\"2025-08-05T07:35:44+00:00\",\"dateModified\":\"2025-11-03T14:06:52+00:00\",\"breadcrumb\":{\"@id\":\"https:\/\/www.kammerata.lu\/en\/calendrier\/coppelia-eng-ongeweinlech-popp\/#breadcrumb\"},\"inLanguage\":\"en-US\",\"potentialAction\":[{\"@type\":\"ReadAction\",\"target\":[\"https:\/\/www.kammerata.lu\/en\/calendrier\/coppelia-eng-ongeweinlech-popp\/\"]}]},{\"@type\":\"BreadcrumbList\",\"@id\":\"https:\/\/www.kammerata.lu\/en\/calendrier\/coppelia-eng-ongeweinlech-popp\/#breadcrumb\",\"itemListElement\":[{\"@type\":\"ListItem\",\"position\":1,\"name\":\"Accueil\",\"item\":\"https:\/\/www.kammerata.lu\/en\/\"},{\"@type\":\"ListItem\",\"position\":2,\"name\":\"Copp\u00e9lia &#8211; Eng ongew\u00e9inlech Popp\"}]},{\"@type\":\"WebSite\",\"@id\":\"https:\/\/www.kammerata.lu\/en\/#website\",\"url\":\"https:\/\/www.kammerata.lu\/en\/\",\"name\":\"Kammerata\",\"description\":\"\",\"potentialAction\":[{\"@type\":\"SearchAction\",\"target\":{\"@type\":\"EntryPoint\",\"urlTemplate\":\"https:\/\/www.kammerata.lu\/en\/?s={search_term_string}\"},\"query-input\":\"required name=search_term_string\"}],\"inLanguage\":\"en-US\"}]}<\/script>\n<!-- \/ Yoast SEO plugin. -->","yoast_head_json":{"title":"Copp\u00e9lia - Eng ongew\u00e9inlech Popp - Kammerata","canonical":"https:\/\/www.kammerata.lu\/en\/calendrier\/coppelia-eng-ongeweinlech-popp\/","og_locale":"en_US","og_type":"article","og_title":"Copp\u00e9lia - Eng ongew\u00e9inlech Popp - Kammerata","og_description":"[Spectacle de 11h15 : SOLD OUT] Spectaclefor children (6 \u2013 11 years) and the whole family in LU\u00a0 Wat, wann eng Popp esou lieweg wier, datt ee mengt, si k\u00e9int danzen, laachen \u2013 a vl\u00e4icht esouguer L\u00e9ift empfannen? Eng Popp, d\u00e9i sou echt ausges\u00e4it, datt een sech an si k\u00e9int verl\u00e9iwen?\u00a0 An d\u00ebser zauberhafter Opf\u00e9ierung [&hellip;]","og_url":"https:\/\/www.kammerata.lu\/en\/calendrier\/coppelia-eng-ongeweinlech-popp\/","og_site_name":"Kammerata","article_modified_time":"2025-11-03T14:06:52+00:00","og_image":[{"url":"https:\/\/www.kammerata.lu\/wp-content\/uploads\/2025\/08\/KAMMERATA-2025-c-KI-Coppelia-V.2-683x1024.jpg"}],"twitter_card":"summary_large_image","twitter_misc":{"Est. reading time":"3 minutes"},"schema":{"@context":"https:\/\/schema.org","@graph":[{"@type":"WebPage","@id":"https:\/\/www.kammerata.lu\/en\/calendrier\/coppelia-eng-ongeweinlech-popp\/","url":"https:\/\/www.kammerata.lu\/en\/calendrier\/coppelia-eng-ongeweinlech-popp\/","name":"Copp\u00e9lia - Eng ongew\u00e9inlech Popp - Kammerata","isPartOf":{"@id":"https:\/\/www.kammerata.lu\/en\/#website"},"datePublished":"2025-08-05T07:35:44+00:00","dateModified":"2025-11-03T14:06:52+00:00","breadcrumb":{"@id":"https:\/\/www.kammerata.lu\/en\/calendrier\/coppelia-eng-ongeweinlech-popp\/#breadcrumb"},"inLanguage":"en-US","potentialAction":[{"@type":"ReadAction","target":["https:\/\/www.kammerata.lu\/en\/calendrier\/coppelia-eng-ongeweinlech-popp\/"]}]},{"@type":"BreadcrumbList","@id":"https:\/\/www.kammerata.lu\/en\/calendrier\/coppelia-eng-ongeweinlech-popp\/#breadcrumb","itemListElement":[{"@type":"ListItem","position":1,"name":"Accueil","item":"https:\/\/www.kammerata.lu\/en\/"},{"@type":"ListItem","position":2,"name":"Copp\u00e9lia &#8211; Eng ongew\u00e9inlech Popp"}]},{"@type":"WebSite","@id":"https:\/\/www.kammerata.lu\/en\/#website","url":"https:\/\/www.kammerata.lu\/en\/","name":"Kammerata","description":"","potentialAction":[{"@type":"SearchAction","target":{"@type":"EntryPoint","urlTemplate":"https:\/\/www.kammerata.lu\/en\/?s={search_term_string}"},"query-input":"required name=search_term_string"}],"inLanguage":"en-US"}]}},"_links":{"self":[{"href":"https:\/\/www.kammerata.lu\/en\/wp-json\/wp\/v2\/calendriers\/1914"}],"collection":[{"href":"https:\/\/www.kammerata.lu\/en\/wp-json\/wp\/v2\/calendriers"}],"about":[{"href":"https:\/\/www.kammerata.lu\/en\/wp-json\/wp\/v2\/types\/calendriers"}],"wp:attachment":[{"href":"https:\/\/www.kammerata.lu\/en\/wp-json\/wp\/v2\/media?parent=1914"}],"curies":[{"name":"wp","href":"https:\/\/api.w.org\/{rel}","templated":true}]}}