{"id":1934,"date":"2025-08-05T07:20:13","date_gmt":"2025-08-05T07:20:13","guid":{"rendered":"https:\/\/www.kammerata.lu\/?post_type=calendriers&#038;p=1934"},"modified":"2026-04-03T10:36:42","modified_gmt":"2026-04-03T10:36:42","slug":"kichegerabbels-relaxed-performances","status":"publish","type":"calendriers","link":"https:\/\/www.kammerata.lu\/en\/calendrier\/kichegerabbels-relaxed-performances\/","title":{"rendered":"Kichegerabbels (Relaxed Performances)"},"content":{"rendered":"<p><strong><span class=\"TextRun SCXW13854678 BCX8\" lang=\"DE-DE\" xml:lang=\"DE-DE\" data-contrast=\"auto\"><span class=\"NormalTextRun SpellingErrorV2Themed SCXW13854678 BCX8\"><img decoding=\"async\" class=\"alignnone size-full wp-image-1958\" src=\"https:\/\/www.kammerata.lu\/wp-content\/uploads\/2025\/08\/thumbnail_1choix_Kichengerabbels-Website.jpg\" alt=\"kammerata-koplabunz-2026-kichegerabbels-cuisine\" width=\"640\" height=\"640\" srcset=\"https:\/\/www.kammerata.lu\/wp-content\/uploads\/2025\/08\/thumbnail_1choix_Kichengerabbels-Website.jpg 640w, https:\/\/www.kammerata.lu\/wp-content\/uploads\/2025\/08\/thumbnail_1choix_Kichengerabbels-Website-300x300.jpg 300w, https:\/\/www.kammerata.lu\/wp-content\/uploads\/2025\/08\/thumbnail_1choix_Kichengerabbels-Website-150x150.jpg 150w\" sizes=\"(max-width: 640px) 100vw, 640px\" \/><\/span><\/span><\/strong><\/p>\n<p><strong><span class=\"TextRun SCXW13854678 BCX8\" lang=\"DE-DE\" xml:lang=\"DE-DE\" data-contrast=\"auto\"><span class=\"NormalTextRun SpellingErrorV2Themed SCXW13854678 BCX8\">Musikalesch<\/span><span class=\"NormalTextRun SCXW13854678 BCX8\"> Erzielung <\/span><span class=\"NormalTextRun SpellingErrorV2Themed SCXW13854678 BCX8\">mat<\/span> <span class=\"NormalTextRun SpellingErrorV2Themed SCXW13854678 BCX8\">Kammermusek<\/span><span class=\"NormalTextRun SCXW13854678 BCX8\"> a <\/span><span class=\"NormalTextRun SpellingErrorV2Themed SpellingErrorHighlight SCXW13854678 BCX8\">Br\u00e4il\u00e4ffel<\/span><\/span><span class=\"EOP SCXW13854678 BCX8\" data-ccp-props=\"{}\"> (Narration in Luxembourgish ; Duration : 50min)<\/span><\/strong><\/p>\n<p><i data-olk-copy-source=\"MessageBody\">Nu kuck, an opeemol ass d\u2019Kichegeschier lieweg ginn!\u00a0<\/i><\/p>\n<p><i>T\u00ebscht gef\u00ebllte Croissanten a geblimmelten T\u00e9itasen schwieft e klengt\u00a0<\/i><i>Zockerd\u00ebppechen duerch eng fantastesch Welt: Nossknacker, d\u00e9i danzen, Jhellis-T\u00e9ik\u00e4pp, d\u00e9i am\u00a0<\/i><\/p>\n<p><i>D\u00e4ischtere liichten<\/i><i>\u2026et d\u00e4mpt an dr\u00e9int a rabbelt a r\u00e9iert.\u00a0<\/i><i>An dann ass do nach deen toxk\u00e4ppegen Deckel, deen net esou richteg bei s\u00e4in D\u00ebppche w\u00ebllt passen\u2026..<\/i><\/p>\n<p>\u201cKichegerabbels\u201d verb\u00ebnnt d\u2019Wierk\u00a0<i>La Revue de Cuisine<\/i>\u00a0vum Bohuslav Martin\u016f mat Objetstheater an Erzielung\u00a0an erzielt op spilleresch a visuell Aart a Weis, w\u00e9i d\u2019Kiche kann zur B\u00fcn ginn.<\/p>\n<p>Musek, Beweegung a Sprooch fl\u00e9issen aneneen an erm\u00e9iglechen eis e ganz neie Bl\u00e9ck op \u00a0G\u00e9igest\u00e4nn, d\u00e9i mir all Dag benotzen ouni all ze vill iwwert se nozedenken.<\/p>\n<figure id=\"attachment_2000\" aria-describedby=\"caption-attachment-2000\" style=\"width: 797px\" class=\"wp-caption alignnone\"><img decoding=\"async\" class=\" wp-image-2000\" src=\"https:\/\/www.kammerata.lu\/wp-content\/uploads\/2025\/08\/KAMMERATA-2025-c-Bohumil-Kostohryz-0235-1024x683.jpg\" alt=\"kammerata-2025-kichegerabbels\" width=\"797\" height=\"532\" srcset=\"https:\/\/www.kammerata.lu\/wp-content\/uploads\/2025\/08\/KAMMERATA-2025-c-Bohumil-Kostohryz-0235-1024x683.jpg 1024w, https:\/\/www.kammerata.lu\/wp-content\/uploads\/2025\/08\/KAMMERATA-2025-c-Bohumil-Kostohryz-0235-300x200.jpg 300w, https:\/\/www.kammerata.lu\/wp-content\/uploads\/2025\/08\/KAMMERATA-2025-c-Bohumil-Kostohryz-0235-768x512.jpg 768w, https:\/\/www.kammerata.lu\/wp-content\/uploads\/2025\/08\/KAMMERATA-2025-c-Bohumil-Kostohryz-0235-1536x1024.jpg 1536w, https:\/\/www.kammerata.lu\/wp-content\/uploads\/2025\/08\/KAMMERATA-2025-c-Bohumil-Kostohryz-0235-2048x1366.jpg 2048w\" sizes=\"(max-width: 797px) 100vw, 797px\" \/><figcaption id=\"caption-attachment-2000\" class=\"wp-caption-text\">(c) Bohumil Kostohryz<\/figcaption><\/figure>\n<p data-start=\"678\" data-end=\"945\"><strong>&#8220;Relaxed Performance&#8221; : Wat ass dat ?<\/strong><\/p>\n<div><i data-olk-copy-source=\"MessageBody\">Eng\u00a0<\/i>Relaxed Performance\u00a0<i>riicht sech un e Publikum, dee vun enger inklusiver an entspaanter Atmosph\u00e4r ronderem a w\u00e4rend engem B\u00fcnespektakel profit\u00e9iert, besonneg u M\u00ebnschen mat spezifesche Besoin\u2019en, zum Beispill mat enger kierperlecher oder kognitiver Beh\u00ebnnerung, mat Konzentratiounsschwieregkeeten, Angschtst\u00e9ierungen oder och chronescher P\u00e9ng. De Begr\u00ebff dr\u00e9ckt aus, dass all eenzelne M\u00ebnsch am Theater -oder Kulturraum W\u00ebllkomm ass, ouni iwwert s\u00e9ng pers\u00e9inlech Grenze mussen eraus ze goen. De Begr\u00ebff g\u00ebtt ausserdem och fir Virstellunge fir ganz kleng Kanner an hier Eltere benotzt.<\/i><\/div>\n<div><i>Zu de M\u00e9iglechkeete vun enger\u00a0<\/i>Relaxed Performance<i>\u00a0k\u00ebnnen e.a. geh\u00e9ieren: m\u00e9i Beweegungs- an Expressiounsfr\u00e4iheet, en adapt\u00e9iert Toun- a Beliichtungskonzept, eng individuell Betreiung virun a w\u00e4rend der Virstellung, R\u00e9ckzuchs-Uerter an eng detaill\u00e9iert Informatioun am Viraus.<\/i><\/div>\n<p data-start=\"678\" data-end=\"945\"><strong>Program<\/strong><\/p>\n<p data-start=\"678\" data-end=\"945\"><span class=\"TextRun SCXW267291483 BCX8\" lang=\"FR-FR\" xml:lang=\"FR-FR\" data-contrast=\"auto\"><span class=\"NormalTextRun SCXW267291483 BCX8\">BOHUSLAV\u202fMARTINU \u2013 <\/span><\/span><span class=\"TextRun SCXW267291483 BCX8\" lang=\"FR-FR\" xml:lang=\"FR-FR\" data-contrast=\"auto\"><span class=\"NormalTextRun SCXW267291483 BCX8\">La\u202fRevue de\u202fCuisine, H.\u202f161<\/span><\/span><span class=\"LineBreakBlob BlobObject DragDrop SCXW267291483 BCX8\"><span class=\"SCXW267291483 BCX8\">\u00a0<\/span><br class=\"SCXW267291483 BCX8\" \/><\/span><em><span class=\"TextRun SCXW267291483 BCX8\" lang=\"FR-FR\" xml:lang=\"FR-FR\" data-contrast=\"auto\"><span class=\"NormalTextRun SCXW267291483 BCX8\">clarinet, bassoon, trompette, violin, cello and piano.<\/span><\/span><\/em><span class=\"EOP SCXW267291483 BCX8\" data-ccp-props=\"{}\">\u00a0<\/span><\/p>\n<p data-start=\"678\" data-end=\"945\"><strong>Musicians &amp; Artists<\/strong><\/p>\n<p><em>Kopla Bunz:<\/em><\/p>\n<div>Ela Baumann,\u00a0Regie<\/div>\n<div>Betsy Dentzer, <span data-olk-copy-source=\"MessageBody\">Erzielung an Objetsmanipulatioun<\/span><\/div>\n<div>Krischan Kriesten, Luuchtendesign<\/div>\n<div>Valentina Becker, <span data-olk-copy-source=\"MessageBody\">Make-up Artist<\/span><\/div>\n<div>Marko Mladenovic,\u00a0Accessoires<\/div>\n<div>Piera Jovic, <span data-olk-copy-source=\"MessageBody\">Regieassistenz<\/span><\/div>\n<div>Laetitia Lang, <span data-olk-copy-source=\"MessageBody\">Theaterpedagogik<\/span><\/div>\n<div>Audrey Dero, <span data-olk-copy-source=\"MessageBody\">Bl\u00e9ck vu baussen<\/span><\/div>\n<p><em>Kammerata Luxembourg:\u00a0<\/em><br \/>\n<span data-contrast=\"auto\">Sandrine Cantoreggi, Gei<\/span><br \/>\n<span data-contrast=\"auto\">Tom Feltgen, Cello<\/span><br \/>\n<span data-contrast=\"auto\">Stefan Kronthaler, Klarinett<\/span><br \/>\n<span data-contrast=\"auto\">Pierrick Demoisy, Fagott<\/span><br \/>\n<span data-contrast=\"auto\">Jeff Mack, Trompett<\/span><br \/>\n<span data-contrast=\"auto\">B\u00e9atrice Rauchs, Piano<\/span><span data-ccp-props=\"{}\">\u00a0<\/span><\/p>\n<p><strong>Information and Tickets :<\/strong><\/p>\n<p><a class=\"Hyperlink SCXW176201466 BCX8\" href=\"http:\/\/www.trifolion.lu\/\" target=\"_blank\" rel=\"noreferrer noopener\"><span class=\"TextRun Underlined SCXW176201466 BCX8\" lang=\"DE-DE\" xml:lang=\"DE-DE\" data-contrast=\"none\"><span class=\"NormalTextRun SCXW176201466 BCX8\" data-ccp-charstyle=\"Hyperlink\">www.trifolion.lu<\/span><\/span><\/a><span class=\"LineBreakBlob BlobObject DragDrop SCXW176201466 BCX8\"><span class=\"SCXW176201466 BCX8\">\u00a0<\/span><br class=\"SCXW176201466 BCX8\" \/><\/span><span class=\"TextRun SCXW176201466 BCX8\" lang=\"DE-DE\" xml:lang=\"DE-DE\" data-contrast=\"auto\"><span class=\"NormalTextRun SCXW176201466 BCX8\">t\u00e9l :<\/span> <\/span><span class=\"TextRun SCXW176201466 BCX8\" lang=\"FR-FR\" xml:lang=\"FR-FR\" data-contrast=\"auto\"><span class=\"NormalTextRun SCXW176201466 BCX8\">+352 26 72 39-500<\/span><\/span><span class=\"EOP SCXW176201466 BCX8\" data-ccp-props=\"{}\">\u00a0<\/span><\/p>\n<p>&nbsp;<\/p>\n<p><em>In coproduction with :\u00a0<\/em><\/p>\n<p><img decoding=\"async\" class=\"alignnone wp-image-1941\" src=\"https:\/\/www.kammerata.lu\/wp-content\/uploads\/2025\/08\/KOPLA_BUNZ_logo.jpg\" alt=\"\" width=\"112\" height=\"124\" srcset=\"https:\/\/www.kammerata.lu\/wp-content\/uploads\/2025\/08\/KOPLA_BUNZ_logo.jpg 574w, https:\/\/www.kammerata.lu\/wp-content\/uploads\/2025\/08\/KOPLA_BUNZ_logo-272x300.jpg 272w\" sizes=\"(max-width: 112px) 100vw, 112px\" \/> \u00a0<img decoding=\"async\" class=\"alignnone wp-image-1937\" src=\"https:\/\/www.kammerata.lu\/wp-content\/uploads\/2025\/08\/Trifolion-Logo_2019-1024x160.jpg\" alt=\"\" width=\"411\" height=\"64\" srcset=\"https:\/\/www.kammerata.lu\/wp-content\/uploads\/2025\/08\/Trifolion-Logo_2019-1024x160.jpg 1024w, https:\/\/www.kammerata.lu\/wp-content\/uploads\/2025\/08\/Trifolion-Logo_2019-300x47.jpg 300w, https:\/\/www.kammerata.lu\/wp-content\/uploads\/2025\/08\/Trifolion-Logo_2019-768x120.jpg 768w, https:\/\/www.kammerata.lu\/wp-content\/uploads\/2025\/08\/Trifolion-Logo_2019.jpg 1081w\" sizes=\"(max-width: 411px) 100vw, 411px\" \/>\u00a0 \u00a0 <img decoding=\"async\" class=\"alignnone wp-image-1939\" src=\"https:\/\/www.kammerata.lu\/wp-content\/uploads\/2025\/08\/Logo_Escher-Theater.png\" alt=\"\" width=\"181\" height=\"66\" srcset=\"https:\/\/www.kammerata.lu\/wp-content\/uploads\/2025\/08\/Logo_Escher-Theater.png 618w, https:\/\/www.kammerata.lu\/wp-content\/uploads\/2025\/08\/Logo_Escher-Theater-300x110.png 300w\" sizes=\"(max-width: 181px) 100vw, 181px\" \/>\u00a0 \u00a0\u00a0 \u00a0<img decoding=\"async\" class=\"alignnone wp-image-1945\" src=\"https:\/\/www.kammerata.lu\/wp-content\/uploads\/2025\/08\/Logo-CUBE-521-1024x402.jpg\" alt=\"\" width=\"179\" height=\"70\" srcset=\"https:\/\/www.kammerata.lu\/wp-content\/uploads\/2025\/08\/Logo-CUBE-521-1024x402.jpg 1024w, https:\/\/www.kammerata.lu\/wp-content\/uploads\/2025\/08\/Logo-CUBE-521-300x118.jpg 300w, https:\/\/www.kammerata.lu\/wp-content\/uploads\/2025\/08\/Logo-CUBE-521-768x301.jpg 768w, https:\/\/www.kammerata.lu\/wp-content\/uploads\/2025\/08\/Logo-CUBE-521.jpg 1331w\" sizes=\"(max-width: 179px) 100vw, 179px\" \/><\/p>\n<p><em>With the support of :\u00a0<\/em><\/p>\n<p><img decoding=\"async\" class=\"alignnone wp-image-849\" src=\"https:\/\/www.kammerata.lu\/wp-content\/uploads\/2020\/09\/LogoMinistereCulture-rouge_hdef-002-1024x243.jpg\" alt=\"Logo ministere de la culture lux\" width=\"399\" height=\"95\" srcset=\"https:\/\/www.kammerata.lu\/wp-content\/uploads\/2020\/09\/LogoMinistereCulture-rouge_hdef-002-1024x243.jpg 1024w, https:\/\/www.kammerata.lu\/wp-content\/uploads\/2020\/09\/LogoMinistereCulture-rouge_hdef-002-300x71.jpg 300w, https:\/\/www.kammerata.lu\/wp-content\/uploads\/2020\/09\/LogoMinistereCulture-rouge_hdef-002-768x182.jpg 768w, https:\/\/www.kammerata.lu\/wp-content\/uploads\/2020\/09\/LogoMinistereCulture-rouge_hdef-002-1536x364.jpg 1536w, https:\/\/www.kammerata.lu\/wp-content\/uploads\/2020\/09\/LogoMinistereCulture-rouge_hdef-002-2048x485.jpg 2048w\" sizes=\"(max-width: 399px) 100vw, 399px\" \/><\/p>\n<p><strong><span class=\"TextRun SCXW13854678 BCX8\" lang=\"DE-DE\" xml:lang=\"DE-DE\" data-contrast=\"auto\"><span class=\"NormalTextRun SpellingErrorV2Themed SCXW13854678 BCX8\"><img decoding=\"async\" class=\"alignnone  wp-image-2019\" src=\"https:\/\/www.kammerata.lu\/wp-content\/uploads\/2026\/04\/oeuvre-logo-rgb_136px_height.png\" alt=\"\" width=\"389\" height=\"96\" srcset=\"https:\/\/www.kammerata.lu\/wp-content\/uploads\/2026\/04\/oeuvre-logo-rgb_136px_height.png 551w, https:\/\/www.kammerata.lu\/wp-content\/uploads\/2026\/04\/oeuvre-logo-rgb_136px_height-300x74.png 300w\" sizes=\"(max-width: 389px) 100vw, 389px\" \/><img decoding=\"async\" class=\"alignnone wp-image-2007\" src=\"https:\/\/www.kammerata.lu\/wp-content\/uploads\/2025\/08\/FLW-Logo-RGB-72dpi-1800x663px-1024x377.png\" alt=\"loutsch-weydert-fondation\" width=\"266\" height=\"98\" srcset=\"https:\/\/www.kammerata.lu\/wp-content\/uploads\/2025\/08\/FLW-Logo-RGB-72dpi-1800x663px-1024x377.png 1024w, https:\/\/www.kammerata.lu\/wp-content\/uploads\/2025\/08\/FLW-Logo-RGB-72dpi-1800x663px-300x111.png 300w, https:\/\/www.kammerata.lu\/wp-content\/uploads\/2025\/08\/FLW-Logo-RGB-72dpi-1800x663px-768x283.png 768w, https:\/\/www.kammerata.lu\/wp-content\/uploads\/2025\/08\/FLW-Logo-RGB-72dpi-1800x663px-1536x566.png 1536w, https:\/\/www.kammerata.lu\/wp-content\/uploads\/2025\/08\/FLW-Logo-RGB-72dpi-1800x663px.png 1800w\" sizes=\"(max-width: 266px) 100vw, 266px\" \/><img decoding=\"async\" class=\"alignnone wp-image-2010\" src=\"https:\/\/www.kammerata.lu\/wp-content\/uploads\/2025\/08\/FI_logo_2025_cmyk-1024x1024.jpg\" alt=\"fondation-indepedance-logo\" width=\"98\" height=\"98\" srcset=\"https:\/\/www.kammerata.lu\/wp-content\/uploads\/2025\/08\/FI_logo_2025_cmyk-1024x1024.jpg 1024w, https:\/\/www.kammerata.lu\/wp-content\/uploads\/2025\/08\/FI_logo_2025_cmyk-300x300.jpg 300w, https:\/\/www.kammerata.lu\/wp-content\/uploads\/2025\/08\/FI_logo_2025_cmyk-150x150.jpg 150w, https:\/\/www.kammerata.lu\/wp-content\/uploads\/2025\/08\/FI_logo_2025_cmyk-768x768.jpg 768w, https:\/\/www.kammerata.lu\/wp-content\/uploads\/2025\/08\/FI_logo_2025_cmyk.jpg 1062w\" sizes=\"(max-width: 98px) 100vw, 98px\" \/><\/span><\/span><\/strong><\/p>\n","protected":false},"menu_order":9,"template":"","acf":[],"yoast_head":"<!-- This site is optimized with the Yoast SEO plugin v21.3 - https:\/\/yoast.com\/wordpress\/plugins\/seo\/ -->\n<title>Kichegerabbels (Relaxed Performances) - Kammerata<\/title>\n<link rel=\"canonical\" href=\"https:\/\/www.kammerata.lu\/en\/calendrier\/kichegerabbels-relaxed-performances\/\" \/>\n<meta property=\"og:locale\" content=\"en_US\" \/>\n<meta property=\"og:type\" content=\"article\" \/>\n<meta property=\"og:title\" content=\"Kichegerabbels (Relaxed Performances) - Kammerata\" \/>\n<meta property=\"og:description\" content=\"Musikalesch Erzielung mat Kammermusek a Br\u00e4il\u00e4ffel (Narration in Luxembourgish ; Duration : 50min) Nu kuck, an opeemol ass d\u2019Kichegeschier lieweg ginn!\u00a0 T\u00ebscht gef\u00ebllte Croissanten a geblimmelten T\u00e9itasen schwieft e klengt\u00a0Zockerd\u00ebppechen duerch eng fantastesch Welt: Nossknacker, d\u00e9i danzen, Jhellis-T\u00e9ik\u00e4pp, d\u00e9i am\u00a0 D\u00e4ischtere liichten\u2026et d\u00e4mpt an dr\u00e9int a rabbelt a r\u00e9iert.\u00a0An dann ass do nach deen toxk\u00e4ppegen [&hellip;]\" \/>\n<meta property=\"og:url\" content=\"https:\/\/www.kammerata.lu\/en\/calendrier\/kichegerabbels-relaxed-performances\/\" \/>\n<meta property=\"og:site_name\" content=\"Kammerata\" \/>\n<meta property=\"article:modified_time\" content=\"2026-04-03T10:36:42+00:00\" \/>\n<meta property=\"og:image\" content=\"https:\/\/www.kammerata.lu\/wp-content\/uploads\/2025\/08\/thumbnail_1choix_Kichengerabbels-Website.jpg\" \/>\n<meta name=\"twitter:card\" content=\"summary_large_image\" \/>\n<meta name=\"twitter:label1\" content=\"Est. reading time\" \/>\n\t<meta name=\"twitter:data1\" content=\"4 minutes\" \/>\n<script type=\"application\/ld+json\" class=\"yoast-schema-graph\">{\"@context\":\"https:\/\/schema.org\",\"@graph\":[{\"@type\":\"WebPage\",\"@id\":\"https:\/\/www.kammerata.lu\/en\/calendrier\/kichegerabbels-relaxed-performances\/\",\"url\":\"https:\/\/www.kammerata.lu\/en\/calendrier\/kichegerabbels-relaxed-performances\/\",\"name\":\"Kichegerabbels (Relaxed Performances) - Kammerata\",\"isPartOf\":{\"@id\":\"https:\/\/www.kammerata.lu\/en\/#website\"},\"datePublished\":\"2025-08-05T07:20:13+00:00\",\"dateModified\":\"2026-04-03T10:36:42+00:00\",\"breadcrumb\":{\"@id\":\"https:\/\/www.kammerata.lu\/en\/calendrier\/kichegerabbels-relaxed-performances\/#breadcrumb\"},\"inLanguage\":\"en-US\",\"potentialAction\":[{\"@type\":\"ReadAction\",\"target\":[\"https:\/\/www.kammerata.lu\/en\/calendrier\/kichegerabbels-relaxed-performances\/\"]}]},{\"@type\":\"BreadcrumbList\",\"@id\":\"https:\/\/www.kammerata.lu\/en\/calendrier\/kichegerabbels-relaxed-performances\/#breadcrumb\",\"itemListElement\":[{\"@type\":\"ListItem\",\"position\":1,\"name\":\"Accueil\",\"item\":\"https:\/\/www.kammerata.lu\/en\/\"},{\"@type\":\"ListItem\",\"position\":2,\"name\":\"Kichegerabbels (Relaxed Performances)\"}]},{\"@type\":\"WebSite\",\"@id\":\"https:\/\/www.kammerata.lu\/en\/#website\",\"url\":\"https:\/\/www.kammerata.lu\/en\/\",\"name\":\"Kammerata\",\"description\":\"\",\"potentialAction\":[{\"@type\":\"SearchAction\",\"target\":{\"@type\":\"EntryPoint\",\"urlTemplate\":\"https:\/\/www.kammerata.lu\/en\/?s={search_term_string}\"},\"query-input\":\"required name=search_term_string\"}],\"inLanguage\":\"en-US\"}]}<\/script>\n<!-- \/ Yoast SEO plugin. -->","yoast_head_json":{"title":"Kichegerabbels (Relaxed Performances) - Kammerata","canonical":"https:\/\/www.kammerata.lu\/en\/calendrier\/kichegerabbels-relaxed-performances\/","og_locale":"en_US","og_type":"article","og_title":"Kichegerabbels (Relaxed Performances) - Kammerata","og_description":"Musikalesch Erzielung mat Kammermusek a Br\u00e4il\u00e4ffel (Narration in Luxembourgish ; Duration : 50min) Nu kuck, an opeemol ass d\u2019Kichegeschier lieweg ginn!\u00a0 T\u00ebscht gef\u00ebllte Croissanten a geblimmelten T\u00e9itasen schwieft e klengt\u00a0Zockerd\u00ebppechen duerch eng fantastesch Welt: Nossknacker, d\u00e9i danzen, Jhellis-T\u00e9ik\u00e4pp, d\u00e9i am\u00a0 D\u00e4ischtere liichten\u2026et d\u00e4mpt an dr\u00e9int a rabbelt a r\u00e9iert.\u00a0An dann ass do nach deen toxk\u00e4ppegen [&hellip;]","og_url":"https:\/\/www.kammerata.lu\/en\/calendrier\/kichegerabbels-relaxed-performances\/","og_site_name":"Kammerata","article_modified_time":"2026-04-03T10:36:42+00:00","og_image":[{"url":"https:\/\/www.kammerata.lu\/wp-content\/uploads\/2025\/08\/thumbnail_1choix_Kichengerabbels-Website.jpg"}],"twitter_card":"summary_large_image","twitter_misc":{"Est. reading time":"4 minutes"},"schema":{"@context":"https:\/\/schema.org","@graph":[{"@type":"WebPage","@id":"https:\/\/www.kammerata.lu\/en\/calendrier\/kichegerabbels-relaxed-performances\/","url":"https:\/\/www.kammerata.lu\/en\/calendrier\/kichegerabbels-relaxed-performances\/","name":"Kichegerabbels (Relaxed Performances) - Kammerata","isPartOf":{"@id":"https:\/\/www.kammerata.lu\/en\/#website"},"datePublished":"2025-08-05T07:20:13+00:00","dateModified":"2026-04-03T10:36:42+00:00","breadcrumb":{"@id":"https:\/\/www.kammerata.lu\/en\/calendrier\/kichegerabbels-relaxed-performances\/#breadcrumb"},"inLanguage":"en-US","potentialAction":[{"@type":"ReadAction","target":["https:\/\/www.kammerata.lu\/en\/calendrier\/kichegerabbels-relaxed-performances\/"]}]},{"@type":"BreadcrumbList","@id":"https:\/\/www.kammerata.lu\/en\/calendrier\/kichegerabbels-relaxed-performances\/#breadcrumb","itemListElement":[{"@type":"ListItem","position":1,"name":"Accueil","item":"https:\/\/www.kammerata.lu\/en\/"},{"@type":"ListItem","position":2,"name":"Kichegerabbels (Relaxed Performances)"}]},{"@type":"WebSite","@id":"https:\/\/www.kammerata.lu\/en\/#website","url":"https:\/\/www.kammerata.lu\/en\/","name":"Kammerata","description":"","potentialAction":[{"@type":"SearchAction","target":{"@type":"EntryPoint","urlTemplate":"https:\/\/www.kammerata.lu\/en\/?s={search_term_string}"},"query-input":"required name=search_term_string"}],"inLanguage":"en-US"}]}},"_links":{"self":[{"href":"https:\/\/www.kammerata.lu\/en\/wp-json\/wp\/v2\/calendriers\/1934"}],"collection":[{"href":"https:\/\/www.kammerata.lu\/en\/wp-json\/wp\/v2\/calendriers"}],"about":[{"href":"https:\/\/www.kammerata.lu\/en\/wp-json\/wp\/v2\/types\/calendriers"}],"wp:attachment":[{"href":"https:\/\/www.kammerata.lu\/en\/wp-json\/wp\/v2\/media?parent=1934"}],"curies":[{"name":"wp","href":"https:\/\/api.w.org\/{rel}","templated":true}]}}